{"id":184,"date":"2014-09-21T09:47:24","date_gmt":"2014-09-21T09:47:24","guid":{"rendered":"\/?page_id=184"},"modified":"2020-03-06T09:45:13","modified_gmt":"2020-03-06T08:45:13","slug":"mereni-zraku-optometrie","status":"publish","type":"page","link":"https:\/\/www.vidum.cz\/index.php\/mereni-zraku-optometrie\/","title":{"rendered":"M\u011b\u0159en\u00ed zraku a optometrie"},"content":{"rendered":"<div class=\"wpb-content-wrapper\"><p>[vc_row][vc_column width=&#8220;1\/1&#8243;][vc_single_image image=&#8220;567&#8243; img_link_target=&#8220;_self&#8220; img_size=&#8220;1200&#215;400&#8243;][\/vc_column][\/vc_row][vc_row][vc_column width=&#8220;2\/3&#8243;][vc_column_text]<\/p>\n<h4>Ji\u017e p\u00e1t\u00fdm rokem V\u00e1m nab\u00edz\u00edme v modern\u011b vybaven\u00e9m zdravotnick\u00e9m za\u0159\u00edzen\u00ed slu\u017ebu m\u011b\u0159en\u00ed zraku zku\u0161en\u00fdmi optometristy.<\/h4>\n<hr \/>\n<p>C\u00edlem optometrie je dos\u00e1hnout nejlep\u0161\u00edho mo\u017en\u00e9ho vid\u011bn\u00ed o\u010d\u00ed za pomoc\u00ed fyzik\u00e1ln\u011b-optick\u00fdch prost\u0159edk\u016f.<\/p>\n<p>Optometrista je st\u00e1tem registrovan\u00fd zdravotnick\u00fd pracovn\u00edk, kter\u00fd se specializuje na vy\u0161et\u0159en\u00ed zraku a aplikaci kontaktn\u00edch \u010do\u010dek. Je to odborn\u00edk v ur\u010dov\u00e1n\u00ed zrakov\u00e9 ostrosti, m\u011b\u0159en\u00ed a korigov\u00e1n\u00ed zrakov\u00fdch refrak\u010dn\u00edch vad.Na z\u00e1klad\u011b sv\u00fdch zji\u0161t\u011bn\u00ed V\u00e1m doporu\u010d\u00ed \u0159e\u0161en\u00ed a vhodnou korek\u010dn\u00ed pom\u016fcku pro perfektn\u00ed vid\u011bn\u00ed.<\/p>\n<p>Sou\u010d\u00e1st\u00ed b\u011b\u017en\u00e9ho vy\u0161et\u0159en\u00ed optometristy v\u00a0na\u0161em o\u010dn\u00edm centru je rovn\u011b\u017e \u0159e\u0161en\u00ed t\u011bchto pot\u00ed\u017e\u00ed:<\/p>\n<ul>\n<li>Dvojit\u00e9 vid\u011bn\u00ed<\/li>\n<li>Rozmazan\u00e9 nebo mlhav\u00e9 vid\u011bn\u00ed, pokud je zp\u016fsobeno refrak\u010dn\u00ed vadou<\/li>\n<li>\u00danava o\u010d\u00ed z\u00a0pr\u00e1ce u PC<\/li>\n<li>Zrakov\u00e9 pot\u00ed\u017ee p\u0159i \u010dten\u00ed<\/li>\n<li>Bolesti hlavy a migr\u00e9ny z\u00a0o\u010dn\u00ed n\u00e1mahy<\/li>\n<li>P\u00e1len\u00ed a \u0159ez\u00e1n\u00ed o\u010d\u00ed zp\u016fsoben\u00e9 nekorigovanou o\u010dn\u00ed vadou<\/li>\n<li>Prizmatick\u00e1 korekce<\/li>\n<li>Dlouhotrvaj\u00edc\u00ed probl\u00e9my s\u00a0vid\u011bn\u00edm ne\u0159e\u0161iteln\u00e9 v\u00a0b\u011b\u017en\u00e9 ordinaci<\/li>\n<\/ul>\n<p><strong><strong>D\u016fle\u017eit\u00e9 upozorn\u011bn\u00ed!<\/strong>\u00a0<\/strong><\/p>\n<p>M\u011b\u0159en\u00ed zraku optometristou nen\u00ed n\u00e1hradou za odborn\u00e9 vy\u0161et\u0159en\u00ed o\u010d\u00ed, kter\u00e9 prov\u00e1d\u00ed specializovan\u00fd o\u010dn\u00ed l\u00e9ka\u0159. Proto V\u00e1m doporu\u010dujeme v r\u00e1mci prevence a p\u00e9\u010de o zrak pravideln\u00e9 kontroly\u00a0o\u010dn\u00edm l\u00e9ka\u0159em,\u00a0kter\u00e9 si m\u016f\u017eete rovn\u011b\u017e sjednat\u00a0v na\u0161em zdravotnick\u00e9m za\u0159\u00edzen\u00ed.[\/vc_column_text][\/vc_column][vc_column width=&#8220;1\/3&#8243;]<div class=\"prk_shortcode-title\"><div class=\"prk_titlify_father ft_medium\"><div class=\"header_font sizer_medium bd_headings_text_shadow zero_color prk_vc_title\">Pro\u010d si nechat zm\u011b\u0159it zrak pr\u00e1v\u011b u n\u00e1s?<\/div><\/div><\/div><div class='wpb_content_element'><div class=\"samba_bquote_wrapper\"><div class=\"prk_blockquote plain\"><div class=\"in_quote\"><div class=\"prk_inner_tip\"><\/div><div class=\"tip_top_hide\"><\/div>\n<ul>\n<li><strong>\u010das ur\u010den\u00fd pro m\u011b\u0159en\u00ed v\u011bnujeme pouze V\u00e1m (min. 30 min )<\/strong><\/li>\n<li><strong>p\u0159i objedn\u00e1n\u00ed na smluvenou hodinu nebudete \u010dekat<\/strong><\/li>\n<li><strong>m\u011b\u0159en\u00ed prob\u00edh\u00e1 v p\u0159\u00edjemn\u00e9m a klidn\u00e9m prost\u0159ed\u00ed<\/strong><\/li>\n<li><strong>v\u0161e zam\u011b\u0159\u00edme na Va\u0161e konkr\u00e9tn\u00ed po\u017eadavky (\u0159\u00edzen\u00ed auta, \u010dten\u00ed, ru\u010dn\u00ed pr\u00e1ce, pr\u00e1ce na po\u010d\u00edta\u010di apod.)<\/strong><\/li>\n<li><strong>porad\u00edme a poskytneme technick\u00e9 znalosti p\u0159i v\u00fdb\u011bru korek\u010dn\u00edch \u010do\u010dek p\u0159\u00edmo pro Va\u0161e pot\u0159eby<\/strong> <\/div><\/div><div class=\"pirenko_author header_font body_text_shadow prk_bold\"><span class=\"after_author\"><\/span><\/div><\/div><\/div>[\/vc_column][\/vc_row][vc_row][vc_column]<div class=\"samba_spacer clearfix\" style=\"height:20px;\"><\/div><div class='wpb_content_element'><div class=\"samba_bquote_wrapper\"><div class=\"prk_blockquote colored_background\"><div class=\"in_quote\"><strong>O\u010dn\u00ed test prov\u00e1d\u00edme ZDARMA, na m\u011b\u0159en\u00ed zraku je vhodn\u00e9 se p\u0159edem objednat na na\u0161em telefonn\u00edm \u010d\u00edsle 558 844 201.<\/strong><\/div><\/div><\/div><\/div>[\/vc_column][\/vc_row][vc_row][vc_column][vc_separator][\/vc_column][\/vc_row][vc_row][vc_column width=&#8220;1\/3&#8243;][\/vc_column][vc_column width=&#8220;1\/3&#8243;][vc_single_image image=&#8220;540&#8243; img_link_target=&#8220;_self&#8220; img_size=&#8220;medium&#8220; img_link=&#8220;\/wp-content\/uploads\/2014\/10\/kup.jpg&#8220;][\/vc_column][vc_column width=&#8220;1\/3&#8243;][\/vc_column][\/vc_row][vc_row][vc_column][vc_column_text]<\/li>\n<\/ul>\n<p>[\/vc_column_text][\/vc_column][\/vc_row]<\/p>\n<\/div>","protected":false},"excerpt":{"rendered":"<p>[vc_row][vc_column width=&#8220;1\/1&#8243;][vc_single_image image=&#8220;567&#8243; img_link_target=&#8220;_self&#8220; img_size=&#8220;1200&#215;400&#8243;][\/vc_column][\/vc_row][vc_row][vc_column width=&#8220;2\/3&#8243;][vc_column_text] Ji\u017e p\u00e1t\u00fdm rokem V\u00e1m nab\u00edz\u00edme v modern\u011b vybaven\u00e9m zdravotnick\u00e9m za\u0159\u00edzen\u00ed slu\u017ebu m\u011b\u0159en\u00ed zraku zku\u0161en\u00fdmi optometristy. C\u00edlem optometrie je dos\u00e1hnout nejlep\u0161\u00edho mo\u017en\u00e9ho vid\u011bn\u00ed o\u010d\u00ed za pomoc\u00ed fyzik\u00e1ln\u011b-optick\u00fdch prost\u0159edk\u016f. Optometrista je st\u00e1tem registrovan\u00fd zdravotnick\u00fd pracovn\u00edk, kter\u00fd se specializuje na vy\u0161et\u0159en\u00ed zraku a aplikaci kontaktn\u00edch \u010do\u010dek. Je to odborn\u00edk v ur\u010dov\u00e1n\u00ed zrakov\u00e9 [&hellip;]<\/p>\n","protected":false},"author":1,"featured_media":0,"parent":0,"menu_order":0,"comment_status":"closed","ping_status":"closed","template":"","meta":{"_monsterinsights_skip_tracking":false,"_monsterinsights_sitenote_active":false,"_monsterinsights_sitenote_note":"","_monsterinsights_sitenote_category":0,"footnotes":""},"class_list":["post-184","page","type-page","status-publish","hentry"],"yoast_head":"<!-- This site is optimized with the Yoast SEO plugin v27.3 - https:\/\/yoast.com\/product\/yoast-seo-wordpress\/ -->\n<title>M\u011b\u0159en\u00ed Zraku V Opav\u011b | O\u010dn\u00ed Centrum Vidum<\/title>\n<meta name=\"description\" content=\"O\u010dn\u00ed Centrum Vidum V\u00e1m nab\u00edz\u00ed v modern\u011b vybaven\u00e9m zdravotnick\u00e9m za\u0159\u00edzen\u00ed slu\u017ebu m\u011b\u0159en\u00ed zraku zku\u0161en\u00fdmi optometristy. Zjist\u011bte v\u00edce.\" \/>\n<meta name=\"robots\" content=\"index, follow, max-snippet:-1, max-image-preview:large, max-video-preview:-1\" \/>\n<link rel=\"canonical\" href=\"https:\/\/www.vidum.cz\/index.php\/mereni-zraku-optometrie\/\" \/>\n<meta property=\"og:locale\" content=\"cs_CZ\" \/>\n<meta property=\"og:type\" content=\"article\" \/>\n<meta property=\"og:title\" content=\"M\u011b\u0159en\u00ed Zraku V Opav\u011b | O\u010dn\u00ed Centrum Vidum\" \/>\n<meta property=\"og:description\" content=\"O\u010dn\u00ed Centrum Vidum V\u00e1m nab\u00edz\u00ed v modern\u011b vybaven\u00e9m zdravotnick\u00e9m za\u0159\u00edzen\u00ed slu\u017ebu m\u011b\u0159en\u00ed zraku zku\u0161en\u00fdmi optometristy. Zjist\u011bte v\u00edce.\" \/>\n<meta property=\"og:url\" content=\"https:\/\/www.vidum.cz\/index.php\/mereni-zraku-optometrie\/\" \/>\n<meta property=\"og:site_name\" content=\"Vidum\" \/>\n<meta property=\"article:modified_time\" content=\"2020-03-06T08:45:13+00:00\" \/>\n<meta name=\"twitter:label1\" content=\"Odhadovan\u00e1 doba \u010dten\u00ed\" \/>\n\t<meta name=\"twitter:data1\" content=\"3 minuty\" \/>\n<script type=\"application\/ld+json\" class=\"yoast-schema-graph\">{\"@context\":\"https:\\\/\\\/schema.org\",\"@graph\":[{\"@type\":\"WebPage\",\"@id\":\"https:\\\/\\\/www.vidum.cz\\\/index.php\\\/mereni-zraku-optometrie\\\/\",\"url\":\"https:\\\/\\\/www.vidum.cz\\\/index.php\\\/mereni-zraku-optometrie\\\/\",\"name\":\"M\u011b\u0159en\u00ed Zraku V Opav\u011b | O\u010dn\u00ed Centrum Vidum\",\"isPartOf\":{\"@id\":\"https:\\\/\\\/www.vidum.cz\\\/#website\"},\"datePublished\":\"2014-09-21T09:47:24+00:00\",\"dateModified\":\"2020-03-06T08:45:13+00:00\",\"description\":\"O\u010dn\u00ed Centrum Vidum V\u00e1m nab\u00edz\u00ed v modern\u011b vybaven\u00e9m zdravotnick\u00e9m za\u0159\u00edzen\u00ed slu\u017ebu m\u011b\u0159en\u00ed zraku zku\u0161en\u00fdmi optometristy. Zjist\u011bte v\u00edce.\",\"breadcrumb\":{\"@id\":\"https:\\\/\\\/www.vidum.cz\\\/index.php\\\/mereni-zraku-optometrie\\\/#breadcrumb\"},\"inLanguage\":\"cs\",\"potentialAction\":[{\"@type\":\"ReadAction\",\"target\":[\"https:\\\/\\\/www.vidum.cz\\\/index.php\\\/mereni-zraku-optometrie\\\/\"]}]},{\"@type\":\"BreadcrumbList\",\"@id\":\"https:\\\/\\\/www.vidum.cz\\\/index.php\\\/mereni-zraku-optometrie\\\/#breadcrumb\",\"itemListElement\":[{\"@type\":\"ListItem\",\"position\":1,\"name\":\"Dom\u016f\",\"item\":\"https:\\\/\\\/www.vidum.cz\\\/\"},{\"@type\":\"ListItem\",\"position\":2,\"name\":\"M\u011b\u0159en\u00ed zraku a optometrie\"}]},{\"@type\":\"WebSite\",\"@id\":\"https:\\\/\\\/www.vidum.cz\\\/#website\",\"url\":\"https:\\\/\\\/www.vidum.cz\\\/\",\"name\":\"Vidum\",\"description\":\"O\u010dn\u00ed centrum Vidum\",\"potentialAction\":[{\"@type\":\"SearchAction\",\"target\":{\"@type\":\"EntryPoint\",\"urlTemplate\":\"https:\\\/\\\/www.vidum.cz\\\/?s={search_term_string}\"},\"query-input\":{\"@type\":\"PropertyValueSpecification\",\"valueRequired\":true,\"valueName\":\"search_term_string\"}}],\"inLanguage\":\"cs\"}]}<\/script>\n<!-- \/ Yoast SEO plugin. -->","yoast_head_json":{"title":"M\u011b\u0159en\u00ed Zraku V Opav\u011b | O\u010dn\u00ed Centrum Vidum","description":"O\u010dn\u00ed Centrum Vidum V\u00e1m nab\u00edz\u00ed v modern\u011b vybaven\u00e9m zdravotnick\u00e9m za\u0159\u00edzen\u00ed slu\u017ebu m\u011b\u0159en\u00ed zraku zku\u0161en\u00fdmi optometristy. Zjist\u011bte v\u00edce.","robots":{"index":"index","follow":"follow","max-snippet":"max-snippet:-1","max-image-preview":"max-image-preview:large","max-video-preview":"max-video-preview:-1"},"canonical":"https:\/\/www.vidum.cz\/index.php\/mereni-zraku-optometrie\/","og_locale":"cs_CZ","og_type":"article","og_title":"M\u011b\u0159en\u00ed Zraku V Opav\u011b | O\u010dn\u00ed Centrum Vidum","og_description":"O\u010dn\u00ed Centrum Vidum V\u00e1m nab\u00edz\u00ed v modern\u011b vybaven\u00e9m zdravotnick\u00e9m za\u0159\u00edzen\u00ed slu\u017ebu m\u011b\u0159en\u00ed zraku zku\u0161en\u00fdmi optometristy. Zjist\u011bte v\u00edce.","og_url":"https:\/\/www.vidum.cz\/index.php\/mereni-zraku-optometrie\/","og_site_name":"Vidum","article_modified_time":"2020-03-06T08:45:13+00:00","twitter_misc":{"Odhadovan\u00e1 doba \u010dten\u00ed":"3 minuty"},"schema":{"@context":"https:\/\/schema.org","@graph":[{"@type":"WebPage","@id":"https:\/\/www.vidum.cz\/index.php\/mereni-zraku-optometrie\/","url":"https:\/\/www.vidum.cz\/index.php\/mereni-zraku-optometrie\/","name":"M\u011b\u0159en\u00ed Zraku V Opav\u011b | O\u010dn\u00ed Centrum Vidum","isPartOf":{"@id":"https:\/\/www.vidum.cz\/#website"},"datePublished":"2014-09-21T09:47:24+00:00","dateModified":"2020-03-06T08:45:13+00:00","description":"O\u010dn\u00ed Centrum Vidum V\u00e1m nab\u00edz\u00ed v modern\u011b vybaven\u00e9m zdravotnick\u00e9m za\u0159\u00edzen\u00ed slu\u017ebu m\u011b\u0159en\u00ed zraku zku\u0161en\u00fdmi optometristy. Zjist\u011bte v\u00edce.","breadcrumb":{"@id":"https:\/\/www.vidum.cz\/index.php\/mereni-zraku-optometrie\/#breadcrumb"},"inLanguage":"cs","potentialAction":[{"@type":"ReadAction","target":["https:\/\/www.vidum.cz\/index.php\/mereni-zraku-optometrie\/"]}]},{"@type":"BreadcrumbList","@id":"https:\/\/www.vidum.cz\/index.php\/mereni-zraku-optometrie\/#breadcrumb","itemListElement":[{"@type":"ListItem","position":1,"name":"Dom\u016f","item":"https:\/\/www.vidum.cz\/"},{"@type":"ListItem","position":2,"name":"M\u011b\u0159en\u00ed zraku a optometrie"}]},{"@type":"WebSite","@id":"https:\/\/www.vidum.cz\/#website","url":"https:\/\/www.vidum.cz\/","name":"Vidum","description":"O\u010dn\u00ed centrum Vidum","potentialAction":[{"@type":"SearchAction","target":{"@type":"EntryPoint","urlTemplate":"https:\/\/www.vidum.cz\/?s={search_term_string}"},"query-input":{"@type":"PropertyValueSpecification","valueRequired":true,"valueName":"search_term_string"}}],"inLanguage":"cs"}]}},"_links":{"self":[{"href":"https:\/\/www.vidum.cz\/index.php\/wp-json\/wp\/v2\/pages\/184","targetHints":{"allow":["GET"]}}],"collection":[{"href":"https:\/\/www.vidum.cz\/index.php\/wp-json\/wp\/v2\/pages"}],"about":[{"href":"https:\/\/www.vidum.cz\/index.php\/wp-json\/wp\/v2\/types\/page"}],"author":[{"embeddable":true,"href":"https:\/\/www.vidum.cz\/index.php\/wp-json\/wp\/v2\/users\/1"}],"replies":[{"embeddable":true,"href":"https:\/\/www.vidum.cz\/index.php\/wp-json\/wp\/v2\/comments?post=184"}],"version-history":[{"count":26,"href":"https:\/\/www.vidum.cz\/index.php\/wp-json\/wp\/v2\/pages\/184\/revisions"}],"predecessor-version":[{"id":726,"href":"https:\/\/www.vidum.cz\/index.php\/wp-json\/wp\/v2\/pages\/184\/revisions\/726"}],"wp:attachment":[{"href":"https:\/\/www.vidum.cz\/index.php\/wp-json\/wp\/v2\/media?parent=184"}],"curies":[{"name":"wp","href":"https:\/\/api.w.org\/{rel}","templated":true}]}}