{"id":277,"date":"2014-09-25T19:43:06","date_gmt":"2014-09-25T19:43:06","guid":{"rendered":"\/?page_id=277"},"modified":"2025-08-08T10:57:41","modified_gmt":"2025-08-08T09:57:41","slug":"prevence-deti-i-dospelych","status":"publish","type":"page","link":"https:\/\/www.vidum.cz\/index.php\/prevence-deti-i-dospelych\/","title":{"rendered":"Prevence d\u011bt\u00ed"},"content":{"rendered":"<div class=\"wpb-content-wrapper\"><p>[vc_row][vc_column width=&#8220;2\/3&#8243;][vc_column_text css=&#8220;&#8220;]<\/p>\n<h2>M\u00e1te v\u00a0rodin\u011b o\u010dn\u00ed vadu?<br \/>\nJste si jisti, \u017ee je zrak Va\u0161eho d\u00edt\u011bte v\u00a0po\u0159\u00e1dku?<\/h2>\n<p>Nab\u00edz\u00edme V\u00e1m mo\u017enost screeningov\u00e9ho vy\u0161et\u0159en\u00ed zraku Va\u0161eho d\u00edt\u011bte v na\u0161em O\u010dn\u00edm centru nebo p\u0159\u00edp. p\u0159\u00edmo ve Va\u0161\u00ed mate\u0159sk\u00e9 \u0161kole. Pro d\u011bti je vy\u0161et\u0159en\u00ed zaj\u00edmavou hrou, prob\u00edh\u00e1 ve zn\u00e1m\u00e9m prost\u0159ed\u00ed, d\u011bti se neboj\u00ed a v\u00fdsledek m\u011b\u0159en\u00ed je ihned z\u0159ejm\u00fd.<\/p>\n<p>M\u011b\u0159en\u00ed je bezkontaktn\u00ed, o\u010di se nerozkap\u00e1vaj\u00ed, d\u00edt\u011b se d\u00edv\u00e1 p\u0159ed sebe na pan\u00e1\u010dka, kter\u00fd se zobrazuje v p\u0159\u00edstroji videoscreener Plusoptix A09. M\u011b\u0159en\u00ed t\u00edmto p\u0159\u00edstrojem je dopln\u011bno dal\u0161\u00edmi speci\u00e1ln\u00edmi testy tak, aby bylo mo\u017en\u00e9 zhodnotit, zda v\u00fdvoj zraku u d\u00edt\u011bte prob\u00edh\u00e1 bez obt\u00ed\u017e\u00ed. Dle nam\u011b\u0159en\u00fdch \u00fadaj\u016f jsme schopni na m\u00edst\u011b odhalit hodnotu dioptri\u00ed, \u0161ilh\u00e1n\u00ed, p\u0159\u00edp. z\u00e1kaly \u010do\u010dky \u010di jin\u00e9 zrakov\u00e9 obt\u00ed\u017ee. Ka\u017ed\u00e9 zm\u011b\u0159en\u00e9 d\u00edt\u011b pot\u00e9 dostane zpr\u00e1vu s\u00a0v\u00fdsledky m\u011b\u0159en\u00ed. V p\u0159\u00edpad\u011b, \u017ee zjist\u00edme u d\u00edt\u011bte o\u010dn\u00ed vadu, je po na\u0161em doporu\u010den\u00ed nutn\u00e9 dal\u0161\u00ed komplexn\u00ed vy\u0161et\u0159en\u00ed u oftalmologa, kter\u00fd zajist\u00ed n\u00e1slednou l\u00e9\u010dbu a p\u0159edep\u00ed\u0161e vhodnou br\u00fdlovou korekci.<br \/>\nPokud nen\u00ed u d\u00edt\u011bte do 6 let zrakov\u00e1 vada v\u010das odhalena, m\u016f\u017ee zp\u016fsobit po n\u00e1stupu do \u0161koly pot\u00ed\u017ee p\u0159i \u010dten\u00ed, psan\u00ed a v\u00a0celkov\u00e9m zrakov\u00e9m vn\u00edm\u00e1n\u00ed.<\/p>\n<p>[\/vc_column_text][\/vc_column][vc_column width=&#8220;1\/3&#8243;][vc_single_image image=&#8220;593&#8243; img_size=&#8220;large&#8220;][\/vc_column][\/vc_row][vc_row][vc_column width=&#8220;1\/1&#8243;][vc_separator][\/vc_column][\/vc_row][vc_row][vc_column width=&#8220;1\/1&#8243;]<div class=\"prk_shortcode-title\"><div class=\"prk_titlify_father ft_medium\"><div class=\"header_font sizer_medium bd_headings_text_shadow zero_color prk_vc_title\">O p\u0159\u00edstroji Plusoptix S 09<\/div><\/div><\/div>[\/vc_column][\/vc_row][vc_row][vc_column width=&#8220;1\/2&#8243;][vc_single_image image=&#8220;422&#8243; img_size=&#8220;medium&#8220;][\/vc_column][vc_column width=&#8220;1\/2&#8243;][vc_single_image image=&#8220;421&#8243; img_size=&#8220;medium&#8220;][\/vc_column][\/vc_row][vc_row][vc_column width=&#8220;1\/1&#8243;][vc_column_text]Plusoptix S09 je binokul\u00e1rn\u00ed autorefraktometr (videoretinoskop) a je ur\u010den p\u0159edev\u0161\u00edm pro pou\u017eit\u00ed u batolat a d\u011bti. Jeho konstrukce a funkce je podobn\u00e1 videokame\u0159e. P\u0159\u00edstroj pom\u00e1h\u00e1 oftalmolog\u016fm, pediatr\u016fm, optometrist\u016fm a zrakov\u00fdm terapeut\u016fm p\u0159i screeningu amblyopie (tupozrakosti) a refrak\u010dn\u00edch vad.<\/p>\n<p>P\u0159\u00edstroj Plusoptix S09P\u0159\u00edstroj Plusoptix S09<br \/>\nD\u016fle\u017eit\u00e9 charakteristiky<\/p>\n<p><strong>binokul\u00e1rn\u00ed m\u011b\u0159en\u00ed<\/strong> \u2013 ob\u011b o\u010di jsou m\u011b\u0159eny sou\u010dasn\u011b<br \/>\n<strong>ne-invazivn\u00ed m\u011b\u0159en<\/strong>\u00ed \u2013 k zm\u011b\u0159en\u00ed nen\u00ed pot\u0159eba aplikovat o\u010dn\u00ed kapky (cykloplegie)<br \/>\n<strong>bezkontaktn\u00ed zam\u011b\u0159en\u00ed<\/strong> \u2013 d\u00edt\u011b uvoln\u011bn\u011b sed\u00ed na kl\u00edn\u011b jednoho z rodi\u010d\u016f a m\u011b\u0159en\u00ed je prov\u00e1d\u011bno ze vzd\u00e1lenosti 1m<br \/>\n<strong>rychlost m\u011b\u0159en\u00ed<\/strong> \u2013 m\u011b\u0159en\u00ed trv\u00e1 \u0159\u00e1dov\u011b vte\u0159iny, v n\u011bkter\u00fdch p\u0159\u00edpadech i m\u00e9n\u011b ne\u017e jednu vte\u0159inu; v\u00fdstupem jsou hodnoty refrakce ve sf\u00e9\u0159e, cylindru a osy, rozm\u011br zornic, m\u011b\u0159en\u00ed interpupil\u00e1rn\u00ed vzd\u00e1lenosti, zm\u011b\u0159\u00edme pohledov\u00fd sm\u011br v re\u00e1ln\u00e9m \u010dase<br \/>\nPouze Plusoptix S09 dok\u00e1\u017ee efektivn\u011b zachytit o\u010dn\u00ed vady u d\u011bt\u00ed.<br \/>\nTupozrakost\u00ed trp\u00ed v \u010cesku asi 6% populace, procento pozdn\u00edch z\u00e1chyt\u016f je v \u010cesku v porovn\u00e1n\u00ed s okoln\u00edmi zem\u011bmi vysok\u00e9.<br \/>\nP\u0159\u00edstroj Plusoptix dok\u00e1\u017ee diagnostikovat o\u010dn\u00ed vady, kter\u00e9 maj\u00ed bez v\u010dasn\u00e9 l\u00e9\u010dby trval\u00e9 n\u00e1sledky.<br \/>\nPlusoptix je v celosv\u011btov\u011b uzn\u00e1van\u00fdm screeningov\u00fdm p\u0159\u00edstrojem.<br \/>\nZvukov\u00e9 a sv\u011bteln\u00e9 efekty upoutaj\u00ed d\u011btskou pozornost.<br \/>\nN\u011bkter\u00e9 zem\u011b ji\u017e p\u0159ipravuj\u00ed povinn\u00e1 preventivn\u00ed vy\u0161et\u0159en\u00ed pomoc\u00ed p\u0159\u00edstroje.[\/vc_column_text][\/vc_column][\/vc_row][vc_row][vc_column width=&#8220;1\/1&#8243;][vc_separator][\/vc_column][\/vc_row][vc_row][vc_column width=&#8220;1\/3&#8243;][\/vc_column][vc_column width=&#8220;1\/3&#8243;][vc_single_image image=&#8220;547&#8243; img_size=&#8220;medium&#8220; img_link=&#8220;http:\/\/www.vidum.cz\/wp-content\/uploads\/2014\/10\/kup.jpg&#8220;][\/vc_column][vc_column width=&#8220;1\/3&#8243;][\/vc_column][\/vc_row]<\/p>\n<\/div>","protected":false},"excerpt":{"rendered":"<p>[vc_row][vc_column width=&#8220;2\/3&#8243;][vc_column_text css=&#8220;&#8220;] M\u00e1te v\u00a0rodin\u011b o\u010dn\u00ed vadu? Jste si jisti, \u017ee je zrak Va\u0161eho d\u00edt\u011bte v\u00a0po\u0159\u00e1dku? Nab\u00edz\u00edme V\u00e1m mo\u017enost screeningov\u00e9ho vy\u0161et\u0159en\u00ed zraku Va\u0161eho d\u00edt\u011bte v na\u0161em O\u010dn\u00edm centru nebo p\u0159\u00edp. p\u0159\u00edmo ve Va\u0161\u00ed mate\u0159sk\u00e9 \u0161kole. Pro d\u011bti je vy\u0161et\u0159en\u00ed zaj\u00edmavou hrou, prob\u00edh\u00e1 ve zn\u00e1m\u00e9m prost\u0159ed\u00ed, d\u011bti se neboj\u00ed a v\u00fdsledek m\u011b\u0159en\u00ed je ihned z\u0159ejm\u00fd. M\u011b\u0159en\u00ed [&hellip;]<\/p>\n","protected":false},"author":1,"featured_media":0,"parent":0,"menu_order":0,"comment_status":"closed","ping_status":"closed","template":"","meta":{"_monsterinsights_skip_tracking":false,"_monsterinsights_sitenote_active":false,"_monsterinsights_sitenote_note":"","_monsterinsights_sitenote_category":0,"footnotes":""},"class_list":["post-277","page","type-page","status-publish","hentry"],"yoast_head":"<!-- This site is optimized with the Yoast SEO plugin v27.3 - https:\/\/yoast.com\/product\/yoast-seo-wordpress\/ -->\n<title>O\u010dn\u00ed Vy\u0161et\u0159en\u00ed Pro D\u011bti | O\u010dn\u00ed Centrum Vidum, Opava<\/title>\n<meta name=\"description\" content=\"M\u00e1te v rodin\u011b o\u010dn\u00ed vadu? Jste si jisti, \u017ee je zrak Va\u0161eho d\u00edt\u011bte v po\u0159\u00e1dku? O\u010dn\u00ed Centrum Vidum V\u00e1m nab\u00edz\u00ed mo\u017enost screeningov\u00e9ho vy\u0161et\u0159en\u00ed zraku Va\u0161eho d\u00edt\u011bte.\" \/>\n<meta name=\"robots\" content=\"index, follow, max-snippet:-1, max-image-preview:large, max-video-preview:-1\" \/>\n<link rel=\"canonical\" href=\"https:\/\/www.vidum.cz\/index.php\/prevence-deti-i-dospelych\/\" \/>\n<meta property=\"og:locale\" content=\"cs_CZ\" \/>\n<meta property=\"og:type\" content=\"article\" \/>\n<meta property=\"og:title\" content=\"O\u010dn\u00ed Vy\u0161et\u0159en\u00ed Pro D\u011bti | O\u010dn\u00ed Centrum Vidum, Opava\" \/>\n<meta property=\"og:description\" content=\"M\u00e1te v rodin\u011b o\u010dn\u00ed vadu? Jste si jisti, \u017ee je zrak Va\u0161eho d\u00edt\u011bte v po\u0159\u00e1dku? O\u010dn\u00ed Centrum Vidum V\u00e1m nab\u00edz\u00ed mo\u017enost screeningov\u00e9ho vy\u0161et\u0159en\u00ed zraku Va\u0161eho d\u00edt\u011bte.\" \/>\n<meta property=\"og:url\" content=\"https:\/\/www.vidum.cz\/index.php\/prevence-deti-i-dospelych\/\" \/>\n<meta property=\"og:site_name\" content=\"Vidum\" \/>\n<meta property=\"article:modified_time\" content=\"2025-08-08T09:57:41+00:00\" \/>\n<meta name=\"twitter:label1\" content=\"Odhadovan\u00e1 doba \u010dten\u00ed\" \/>\n\t<meta name=\"twitter:data1\" content=\"3 minuty\" \/>\n<script type=\"application\/ld+json\" class=\"yoast-schema-graph\">{\"@context\":\"https:\\\/\\\/schema.org\",\"@graph\":[{\"@type\":\"WebPage\",\"@id\":\"https:\\\/\\\/www.vidum.cz\\\/index.php\\\/prevence-deti-i-dospelych\\\/\",\"url\":\"https:\\\/\\\/www.vidum.cz\\\/index.php\\\/prevence-deti-i-dospelych\\\/\",\"name\":\"O\u010dn\u00ed Vy\u0161et\u0159en\u00ed Pro D\u011bti | O\u010dn\u00ed Centrum Vidum, Opava\",\"isPartOf\":{\"@id\":\"https:\\\/\\\/www.vidum.cz\\\/#website\"},\"datePublished\":\"2014-09-25T19:43:06+00:00\",\"dateModified\":\"2025-08-08T09:57:41+00:00\",\"description\":\"M\u00e1te v rodin\u011b o\u010dn\u00ed vadu? Jste si jisti, \u017ee je zrak Va\u0161eho d\u00edt\u011bte v po\u0159\u00e1dku? O\u010dn\u00ed Centrum Vidum V\u00e1m nab\u00edz\u00ed mo\u017enost screeningov\u00e9ho vy\u0161et\u0159en\u00ed zraku Va\u0161eho d\u00edt\u011bte.\",\"breadcrumb\":{\"@id\":\"https:\\\/\\\/www.vidum.cz\\\/index.php\\\/prevence-deti-i-dospelych\\\/#breadcrumb\"},\"inLanguage\":\"cs\",\"potentialAction\":[{\"@type\":\"ReadAction\",\"target\":[\"https:\\\/\\\/www.vidum.cz\\\/index.php\\\/prevence-deti-i-dospelych\\\/\"]}]},{\"@type\":\"BreadcrumbList\",\"@id\":\"https:\\\/\\\/www.vidum.cz\\\/index.php\\\/prevence-deti-i-dospelych\\\/#breadcrumb\",\"itemListElement\":[{\"@type\":\"ListItem\",\"position\":1,\"name\":\"Dom\u016f\",\"item\":\"https:\\\/\\\/www.vidum.cz\\\/\"},{\"@type\":\"ListItem\",\"position\":2,\"name\":\"Prevence d\u011bt\u00ed\"}]},{\"@type\":\"WebSite\",\"@id\":\"https:\\\/\\\/www.vidum.cz\\\/#website\",\"url\":\"https:\\\/\\\/www.vidum.cz\\\/\",\"name\":\"Vidum\",\"description\":\"O\u010dn\u00ed centrum Vidum\",\"potentialAction\":[{\"@type\":\"SearchAction\",\"target\":{\"@type\":\"EntryPoint\",\"urlTemplate\":\"https:\\\/\\\/www.vidum.cz\\\/?s={search_term_string}\"},\"query-input\":{\"@type\":\"PropertyValueSpecification\",\"valueRequired\":true,\"valueName\":\"search_term_string\"}}],\"inLanguage\":\"cs\"}]}<\/script>\n<!-- \/ Yoast SEO plugin. -->","yoast_head_json":{"title":"O\u010dn\u00ed Vy\u0161et\u0159en\u00ed Pro D\u011bti | O\u010dn\u00ed Centrum Vidum, Opava","description":"M\u00e1te v rodin\u011b o\u010dn\u00ed vadu? Jste si jisti, \u017ee je zrak Va\u0161eho d\u00edt\u011bte v po\u0159\u00e1dku? O\u010dn\u00ed Centrum Vidum V\u00e1m nab\u00edz\u00ed mo\u017enost screeningov\u00e9ho vy\u0161et\u0159en\u00ed zraku Va\u0161eho d\u00edt\u011bte.","robots":{"index":"index","follow":"follow","max-snippet":"max-snippet:-1","max-image-preview":"max-image-preview:large","max-video-preview":"max-video-preview:-1"},"canonical":"https:\/\/www.vidum.cz\/index.php\/prevence-deti-i-dospelych\/","og_locale":"cs_CZ","og_type":"article","og_title":"O\u010dn\u00ed Vy\u0161et\u0159en\u00ed Pro D\u011bti | O\u010dn\u00ed Centrum Vidum, Opava","og_description":"M\u00e1te v rodin\u011b o\u010dn\u00ed vadu? Jste si jisti, \u017ee je zrak Va\u0161eho d\u00edt\u011bte v po\u0159\u00e1dku? O\u010dn\u00ed Centrum Vidum V\u00e1m nab\u00edz\u00ed mo\u017enost screeningov\u00e9ho vy\u0161et\u0159en\u00ed zraku Va\u0161eho d\u00edt\u011bte.","og_url":"https:\/\/www.vidum.cz\/index.php\/prevence-deti-i-dospelych\/","og_site_name":"Vidum","article_modified_time":"2025-08-08T09:57:41+00:00","twitter_misc":{"Odhadovan\u00e1 doba \u010dten\u00ed":"3 minuty"},"schema":{"@context":"https:\/\/schema.org","@graph":[{"@type":"WebPage","@id":"https:\/\/www.vidum.cz\/index.php\/prevence-deti-i-dospelych\/","url":"https:\/\/www.vidum.cz\/index.php\/prevence-deti-i-dospelych\/","name":"O\u010dn\u00ed Vy\u0161et\u0159en\u00ed Pro D\u011bti | O\u010dn\u00ed Centrum Vidum, Opava","isPartOf":{"@id":"https:\/\/www.vidum.cz\/#website"},"datePublished":"2014-09-25T19:43:06+00:00","dateModified":"2025-08-08T09:57:41+00:00","description":"M\u00e1te v rodin\u011b o\u010dn\u00ed vadu? Jste si jisti, \u017ee je zrak Va\u0161eho d\u00edt\u011bte v po\u0159\u00e1dku? O\u010dn\u00ed Centrum Vidum V\u00e1m nab\u00edz\u00ed mo\u017enost screeningov\u00e9ho vy\u0161et\u0159en\u00ed zraku Va\u0161eho d\u00edt\u011bte.","breadcrumb":{"@id":"https:\/\/www.vidum.cz\/index.php\/prevence-deti-i-dospelych\/#breadcrumb"},"inLanguage":"cs","potentialAction":[{"@type":"ReadAction","target":["https:\/\/www.vidum.cz\/index.php\/prevence-deti-i-dospelych\/"]}]},{"@type":"BreadcrumbList","@id":"https:\/\/www.vidum.cz\/index.php\/prevence-deti-i-dospelych\/#breadcrumb","itemListElement":[{"@type":"ListItem","position":1,"name":"Dom\u016f","item":"https:\/\/www.vidum.cz\/"},{"@type":"ListItem","position":2,"name":"Prevence d\u011bt\u00ed"}]},{"@type":"WebSite","@id":"https:\/\/www.vidum.cz\/#website","url":"https:\/\/www.vidum.cz\/","name":"Vidum","description":"O\u010dn\u00ed centrum Vidum","potentialAction":[{"@type":"SearchAction","target":{"@type":"EntryPoint","urlTemplate":"https:\/\/www.vidum.cz\/?s={search_term_string}"},"query-input":{"@type":"PropertyValueSpecification","valueRequired":true,"valueName":"search_term_string"}}],"inLanguage":"cs"}]}},"_links":{"self":[{"href":"https:\/\/www.vidum.cz\/index.php\/wp-json\/wp\/v2\/pages\/277","targetHints":{"allow":["GET"]}}],"collection":[{"href":"https:\/\/www.vidum.cz\/index.php\/wp-json\/wp\/v2\/pages"}],"about":[{"href":"https:\/\/www.vidum.cz\/index.php\/wp-json\/wp\/v2\/types\/page"}],"author":[{"embeddable":true,"href":"https:\/\/www.vidum.cz\/index.php\/wp-json\/wp\/v2\/users\/1"}],"replies":[{"embeddable":true,"href":"https:\/\/www.vidum.cz\/index.php\/wp-json\/wp\/v2\/comments?post=277"}],"version-history":[{"count":17,"href":"https:\/\/www.vidum.cz\/index.php\/wp-json\/wp\/v2\/pages\/277\/revisions"}],"predecessor-version":[{"id":1331,"href":"https:\/\/www.vidum.cz\/index.php\/wp-json\/wp\/v2\/pages\/277\/revisions\/1331"}],"wp:attachment":[{"href":"https:\/\/www.vidum.cz\/index.php\/wp-json\/wp\/v2\/media?parent=277"}],"curies":[{"name":"wp","href":"https:\/\/api.w.org\/{rel}","templated":true}]}}