{"id":279,"date":"2014-09-25T19:44:49","date_gmt":"2014-09-25T19:44:49","guid":{"rendered":"\/?page_id=279"},"modified":"2022-10-03T17:08:53","modified_gmt":"2022-10-03T16:08:53","slug":"vyvoj-zraku-u-deti","status":"publish","type":"page","link":"https:\/\/www.vidum.cz\/index.php\/vyvoj-zraku-u-deti\/","title":{"rendered":"V\u00fdvoj zraku u d\u011bt\u00ed"},"content":{"rendered":"<div class=\"wpb-content-wrapper\"><p>[vc_row][vc_column][vc_column_text]<\/p>\n<div id=\"content\">\n<h2>D\u011bti a zrak<\/h2>\n<p dir=\"ltr\">V\u00fdvoj zraku prob\u00edh\u00e1 z\u00e1rove\u0148 s v\u00fdvojem ostatn\u00edch smyslov\u00fdch org\u00e1n\u016f. U novorozenc\u016f je sluch mnohem dokonaleji vyvinut ne\u017e zrak. Zrak se vyv\u00edj\u00ed jako posledn\u00ed.<\/p>\n<hr \/>\n<\/div>\n<div>\n<p><a href=\"http:\/\/www.vidum.cz\/wp-content\/uploads\/2014\/09\/63101.jpg\"><img loading=\"lazy\" decoding=\"async\" class=\"alignnone size-full wp-image-521\" src=\"\/wp-content\/uploads\/2014\/09\/63101.jpg\" alt=\"6310\" width=\"1417\" height=\"452\" srcset=\"https:\/\/www.vidum.cz\/wp-content\/uploads\/2014\/09\/63101.jpg 1417w, https:\/\/www.vidum.cz\/wp-content\/uploads\/2014\/09\/63101-300x95.jpg 300w, https:\/\/www.vidum.cz\/wp-content\/uploads\/2014\/09\/63101-1024x326.jpg 1024w\" sizes=\"auto, (max-width: 1417px) 100vw, 1417px\" \/><\/a><\/p>\n<h2><\/h2>\n<h2><\/h2>\n<h2><\/h2>\n<h2><\/h2>\n<h2><strong>V\u00fdvoj vid\u011bn\u00ed po narozen\u00ed<\/strong><\/h2>\n<blockquote dir=\"ltr\"><p><strong>1. m\u011bs\u00edc<\/strong> &#8211; novorozenec nevid\u00ed ost\u0159e<br \/>\n<strong>2. m\u011bs\u00edc<\/strong> &#8211; d\u00edt\u011b vn\u00edm\u00e1 obrysy obli\u010dej\u016f a velk\u00fdch p\u0159edm\u011bt\u016f<br \/>\n<strong>3. a 4. m\u011bs\u00edc<\/strong> &#8211; d\u00edt\u011b vid\u00ed obli\u010deje rodi\u010d\u016f<br \/>\n<strong>5. a 6. m\u011bs\u00ed<\/strong>c &#8211; d\u00edt\u011b za\u010d\u00edn\u00e1 c\u00edlen\u011b sahat po p\u0159edm\u011btech<br \/>\n<strong>7. m\u011bs\u00edc<\/strong> &#8211; d\u00edt\u011b bere p\u0159edm\u011bty po ruky, nat\u00e1\u010d\u00ed je a obrac\u00ed<br \/>\n<strong>8. a 9. m\u011bs\u00edc<\/strong> &#8211; d\u00edt\u011b ukazuje p\u0159esn\u011b na mal\u00e9 p\u0159edm\u011bty<br \/>\n<strong>10. a 11. m\u011bs\u00edc<\/strong> &#8211; na ot\u00e1zku: \u201e Kde je t\u00e1ta ? &#8220; se d\u00edt\u011b ot\u00e1\u010d\u00ed a hled\u00e1 ho<br \/>\n<strong>12. m\u011bs\u00edc<\/strong> &#8211; na konci prvn\u00edho roku \u017eivota d\u00edt\u011b pod\u00e1v\u00e1 p\u0159edm\u011bty rodi\u010d\u016fm p\u0159esn\u011b do ruky<\/p><\/blockquote>\n<p>Kontrola zrakov\u00fdch funkc\u00ed u novorozence je velmi obt\u00ed\u017en\u00e1. N\u011bkter\u00e9 z\u00e1kladn\u00ed zrakov\u00e9 funkce jsou vrozen\u00e9, p\u0159\u00edtomn\u00e9 od narozen\u00ed. V\u0161echny ostatn\u00ed slo\u017eit\u011bj\u0161\u00ed funkce, kter\u00e9 zaji\u0161\u0165uj\u00ed spolupr\u00e1ci obou o\u010d\u00ed, mus\u00ed b\u00fdt nau\u010deny. U zdrav\u00e9ho d\u00edt\u011bte je v 6 &#8211; 7 letech vyvinut\u00e9 norm\u00e1ln\u00ed, jednoduch\u00e9 vid\u011bn\u00ed.<\/p>\n<hr \/>\n<h2>Pozor na alarmuj\u00edc\u00ed znaky<\/h2>\n<p><strong><em>Neprodlen\u011b nav\u0161tivte o\u010dn\u00edho l\u00e9ka\u0159e pokud u sv\u00e9ho d\u00edt\u011bte shled\u00e1te tyto znaky:<\/em><\/strong><\/p>\n<ul>\n<li>\u0161ilh\u00e1n\u00ed<\/li>\n<li>t\u0159esouc\u00ed se o\u010di<\/li>\n<li>k\u0159iv\u00e9 postaven\u00ed hlavy<\/li>\n<li>n\u00e1padn\u011b velk\u00e9 o\u010di<\/li>\n<li>sv\u011btloplachost nebo \u017e\u00e1dnou reakci na sv\u011btlo<\/li>\n<li>zakalen\u00e1 rohovka<\/li>\n<li>b\u011blav\u00e9 zornice nebo \u017elut\u011b z\u00e1\u0159\u00edc\u00ed zornice p\u0159i p\u0159\u00edm\u00e9m sv\u011btle<\/li>\n<li>st\u00e1l\u00e9 drb\u00e1n\u00ed prstem v o\u010d\u00edch a d\u011bl\u00e1n\u00ed grimas<\/li>\n<li>velk\u00e1 nehybn\u00e1 pupila tak\u00e9 p\u0159i dopadu sv\u011btla<\/li>\n<\/ul>\n<p><strong><em>U star\u0161\u00edch d\u011bt\u00ed jsou uk\u00e1zky slabosti zraku a o\u010dn\u00edch nemoc\u00ed:<\/em><\/strong><\/p>\n<ul>\n<li>\u010dast\u011bj\u0161\u00ed klop\u00fdtnut\u00ed nebo nar\u00e1\u017een\u00ed do n\u00e1bytku<\/li>\n<li>nechu\u0165 \u010d\u00edst<\/li>\n<li>stran\u011bn\u00ed se ostatn\u00edch d\u011bt\u00ed<\/li>\n<li>p\u0159ib\u00fdvaj\u00edc\u00ed probl\u00e9my p\u0159i soumraku a tm\u011b<\/li>\n<li>zhor\u0161en\u00ed zn\u00e1mek na vysv\u011bd\u010den\u00ed<\/li>\n<\/ul>\n<p><strong><em>O\u010dn\u00ed nemoci u d\u011bt\u00ed: <\/em><\/strong><\/p>\n<ul>\n<li><em>\u0160ilh\u00e1n\u00ed <\/em><br \/>\nSpr\u00e1vn\u00e9 postaven\u00ed oka zaji\u0161\u0165uje 6 okohybn\u00fdch sval\u016f. M\u016f\u017eeme p\u0159edpokl\u00e1dat, \u017ee \u0161ilhaj\u00edc\u00ed d\u00edt\u011b pozoruje dvojit\u00fd obraz. Aby tomu tak nebylo, je jedno oko vy\u0159azeno z \u010dinnosti ( to zrakov\u011b slab\u0161\u00ed)\u00a0 &#8211; potom tedy 50 -70% p\u0159\u00edpad\u016f kon\u010d\u00ed tupozrakost\u00ed ( amblyopi\u00ed ). Metoda l\u00e9\u010den\u00ed je jednoduch\u00e1 a \u00fa\u010dinn\u00e1. Zdrav\u00e9 oko zakryjeme speci\u00e1ln\u00ed klapkou ( okluzorem ) a t\u00edm bude druh\u00e9 oko tr\u00e9nov\u00e1no. P\u0159edpokladem \u00fasp\u011bchu je v\u010dasn\u00e1 l\u00e9\u010dba, nejl\u00e9pe v p\u0159ed\u0161koln\u00edm v\u011bku.<\/li>\n<li><em>Dalekozrakost<br \/>\n<\/em>Ka\u017ed\u00e9 mal\u00e9 d\u00edt\u011b je trochu dalekozrak\u00e9. Nepot\u0159ebuje \u017e\u00e1dn\u00e9 br\u00fdle, proto\u017ee d\u011bti maj\u00ed velmi elastickou o\u010dn\u00ed \u010do\u010dku a ta v\u0161e vyrovn\u00e1. Vy\u0161\u0161\u00ed vrozen\u00e9 dalekozrakosti korigujeme br\u00fdlemi.<\/li>\n<li><em>Kr\u00e1tkozrakost <\/em><br \/>\nVyskytuje se hlavn\u011b ve \u0161koln\u00edm v\u011bku. Vadu korigujeme br\u00fdlemi.<\/li>\n<\/ul>\n<hr \/>\n<h2>\u00a0Testov\u00e1n\u00ed o\u010d\u00ed hrou<\/h2>\n<p>Ob\u010das je nutn\u00e9 d\u011btsk\u00e9 o\u010di hrav\u00fdm zp\u016fsobem otestovat<\/p>\n<p>V 1. m\u011bs\u00edci\u00a0 m\u016f\u017eeme kapesn\u00ed sv\u00edtilnu rozsv\u00edtit vedle hlavi\u010dky d\u00edt\u011bte. D\u00edt\u011b je zdrav\u00e9, a proto ot\u00e1\u010d\u00ed o\u010di za sv\u011btlem.<br \/>\nVe 4. m\u011bs\u00edci m\u016f\u017eeme z\u00e1jem d\u00edt\u011bte tr\u00e9novat na n\u011bjak\u00e9m pestr\u00e9m p\u0159edm\u011btu. Budeme pohybovat nap\u0159. d\u011btsk\u00fdm chrast\u00edtkem a d\u00edt\u011b by z n\u011bj nem\u011blo spustit zrak.<br \/>\nV 7. m\u011bs\u00edci si s d\u00edt\u011btem zahrajeme tzv. koukac\u00ed hru. Budeme se schov\u00e1vat p\u0159ed o\u010dima d\u00edt\u011bte za noviny, pol\u0161t\u00e1\u0159ek nebo z\u00e1clonu. Najednou nejste vid\u011bt a jen pohled d\u00edt\u011bti prozrad\u00ed, kde jste schovan\u00ed.<br \/>\nKolem 8. m\u011bs\u00edce soust\u0159ed\u00edme z\u00e1jem d\u00edt\u011bte na jednodu\u0161e dosa\u017eiteln\u00e9 p\u0159edm\u011bty, kter\u00e9 r\u00e1do strk\u00e1 do pusy. Pozorujte, jestli na n\u011b c\u00edlen\u011b dosahuje.<br \/>\nVe 12. m\u011bs\u00edci si m\u016f\u017eeme hr\u00e1t s m\u00ed\u010dem. Posa\u010fte se s d\u00edt\u011btem na zem asi 2m od sebe a kut\u00e1lejte si m\u00ed\u010d. Pozorujte, jestli ho spr\u00e1vn\u011b chyt\u00e1.<\/p>\n<hr \/>\n<h2>Jak\u00e9 by m\u011bly b\u00fdt spr\u00e1vn\u00e9 d\u011btsk\u00e9 br\u00fdle<\/h2>\n<p>\u00dalohou d\u011btsk\u00fdch br\u00fdl\u00ed je p\u0159edev\u0161\u00edm spr\u00e1vn\u00e1 korekce zraku. Proto br\u00fdle mus\u00ed dob\u0159e sed\u011bt. Je nutn\u00e9 naj\u00edt takov\u00fd model, kter\u00fd odpov\u00edd\u00e1 anatomii d\u011btsk\u00e9 hlavy, proto nesm\u00ed b\u00fdt moc velk\u00fd. Spr\u00e1vn\u00fdm \u0159e\u0161en\u00edm je lehk\u00e1, stabiln\u00ed, elastick\u00e1 obruba vyroben\u00e1 z nealergick\u00e9ho materi\u00e1lu.<br \/>\nSpr\u00e1vn\u00e9 br\u00fdle pro Va\u0161e d\u00edt\u011b V\u00e1m nejl\u00e9pe pomohou vybrat o\u010dn\u00ed optici. Zdravotn\u00ed poji\u0161\u0165ovna p\u0159isp\u00edv\u00e1 na d\u011btsk\u00e9 br\u00fdle, v\u00fd\u0161i p\u0159\u00edsp\u011bvku V\u00e1m sd\u011bl\u00ed podle platn\u00e9ho \u010d\u00edseln\u00edku v o\u010dn\u00ed optice.<\/p>\n<hr \/>\n<h2>Nezbytn\u00e1 slune\u010dn\u00ed ochrana pro d\u011btsk\u00e9 o\u010di<\/h2>\n<p>Tak\u00e9 u slune\u010dn\u00edch br\u00fdl\u00ed nezapome\u0148te na to, \u017ee o\u010di Va\u0161ich d\u011bt\u00ed jsou velmi citliv\u00e9. Proto slune\u010dn\u00ed br\u00fdle pro Va\u0161e d\u011bti nakupujte v\u00fdhradn\u011b v o\u010dn\u00edch optik\u00e1ch, kde V\u00e1m bude zaru\u010deno, \u017ee jsou kvalitn\u00ed a maj\u00ed UV filtr.<\/p>\n<hr \/>\n<div style=\"position: absolute; left: -1900px; top: -1701px;\"><a href=\"https:\/\/nova-lekarna.com\/deprese\/\">L\u00e9ky na depresi<\/a> v \u010desk\u00e9 online l\u00e9k\u00e1rn\u011b.<\/div>\n<h2>Z\u00e1v\u011brem<\/h2>\n<p>V p\u0159\u00edpad\u011b, \u017ee Va\u0161e d\u00edt\u011b pot\u0159ebuje br\u00fdle, je to \u00faloha pro zku\u0161en\u00e9ho o\u010dn\u00edho optika, kter\u00fd V\u00e1m porad\u00ed nejvhodn\u011bj\u0161\u00ed model, zhotov\u00ed je s nejvy\u0161\u0161\u00ed preciznost\u00ed a samoz\u0159ejm\u011b je p\u0159esn\u011b uprav\u00ed. D\u00e1le V\u00e1s pou\u010d\u00ed o spr\u00e1vn\u00e9m \u010di\u0161t\u011bn\u00ed konkr\u00e9tn\u00e9ho typu br\u00fdl\u00ed a upozorn\u00ed na nutnost pravideln\u00fdch servisn\u00edch prohl\u00eddek, kter\u00e9 jsou zejm\u00e9na u d\u011btsk\u00fdch br\u00fdl\u00ed nutnost\u00ed k udr\u017een\u00ed dostate\u010dn\u00e9 \u017eivotnosti br\u00fdl\u00ed. U d\u011bt\u00ed s vy\u0161\u0161\u00edmi refrak\u010dn\u00edmi vadami je nezbytn\u011b nutn\u00e9 objednat dvoje br\u00fdle. Jedny na pravideln\u00e9 no\u0161en\u00ed a druh\u00e9 jako rezervn\u00ed. A z\u00e1v\u011brem nezapome\u0148te na vhodn\u00e9 pouzdro, nejl\u00e9pe pevn\u00e9.<\/p>\n<hr \/>\n<\/div>\n<p>[\/vc_column_text][\/vc_column][\/vc_row]<\/p>\n<\/div>","protected":false},"excerpt":{"rendered":"<p>[vc_row][vc_column][vc_column_text] D\u011bti a zrak V\u00fdvoj zraku prob\u00edh\u00e1 z\u00e1rove\u0148 s v\u00fdvojem ostatn\u00edch smyslov\u00fdch org\u00e1n\u016f. U novorozenc\u016f je sluch mnohem dokonaleji vyvinut ne\u017e zrak. Zrak se vyv\u00edj\u00ed jako posledn\u00ed. V\u00fdvoj vid\u011bn\u00ed po narozen\u00ed 1. m\u011bs\u00edc &#8211; novorozenec nevid\u00ed ost\u0159e 2. m\u011bs\u00edc &#8211; d\u00edt\u011b vn\u00edm\u00e1 obrysy obli\u010dej\u016f a velk\u00fdch p\u0159edm\u011bt\u016f 3. a 4. m\u011bs\u00edc &#8211; d\u00edt\u011b vid\u00ed obli\u010deje [&hellip;]<\/p>\n","protected":false},"author":1,"featured_media":0,"parent":0,"menu_order":0,"comment_status":"closed","ping_status":"closed","template":"","meta":{"_monsterinsights_skip_tracking":false,"_monsterinsights_sitenote_active":false,"_monsterinsights_sitenote_note":"","_monsterinsights_sitenote_category":0,"footnotes":""},"class_list":["post-279","page","type-page","status-publish","hentry"],"yoast_head":"<!-- This site is optimized with the Yoast SEO plugin v27.3 - https:\/\/yoast.com\/product\/yoast-seo-wordpress\/ -->\n<title>V\u00fdvoj Zraku U D\u011bt\u00ed | O\u010dn\u00ed Centrum Vidum, Opava<\/title>\n<meta name=\"description\" content=\"V\u00fdvoj zraku prob\u00edh\u00e1 z\u00e1rove\u0148 s v\u00fdvojem ostatn\u00edch smyslov\u00fdch org\u00e1n\u016f. U novorozenc\u016f je sluch mnohem dokonaleji vyvinut ne\u017e zrak. Zrak se vyv\u00edj\u00ed jako posledn\u00ed.\" \/>\n<meta name=\"robots\" content=\"index, follow, max-snippet:-1, max-image-preview:large, max-video-preview:-1\" \/>\n<link rel=\"canonical\" href=\"https:\/\/www.vidum.cz\/index.php\/vyvoj-zraku-u-deti\/\" \/>\n<meta property=\"og:locale\" content=\"cs_CZ\" \/>\n<meta property=\"og:type\" content=\"article\" \/>\n<meta property=\"og:title\" content=\"V\u00fdvoj Zraku U D\u011bt\u00ed | O\u010dn\u00ed Centrum Vidum, Opava\" \/>\n<meta property=\"og:description\" content=\"V\u00fdvoj zraku prob\u00edh\u00e1 z\u00e1rove\u0148 s v\u00fdvojem ostatn\u00edch smyslov\u00fdch org\u00e1n\u016f. U novorozenc\u016f je sluch mnohem dokonaleji vyvinut ne\u017e zrak. Zrak se vyv\u00edj\u00ed jako posledn\u00ed.\" \/>\n<meta property=\"og:url\" content=\"https:\/\/www.vidum.cz\/index.php\/vyvoj-zraku-u-deti\/\" \/>\n<meta property=\"og:site_name\" content=\"Vidum\" \/>\n<meta property=\"article:modified_time\" content=\"2022-10-03T16:08:53+00:00\" \/>\n<meta name=\"twitter:label1\" content=\"Odhadovan\u00e1 doba \u010dten\u00ed\" \/>\n\t<meta name=\"twitter:data1\" content=\"5 minut\" \/>\n<script type=\"application\/ld+json\" class=\"yoast-schema-graph\">{\"@context\":\"https:\\\/\\\/schema.org\",\"@graph\":[{\"@type\":\"WebPage\",\"@id\":\"https:\\\/\\\/www.vidum.cz\\\/index.php\\\/vyvoj-zraku-u-deti\\\/\",\"url\":\"https:\\\/\\\/www.vidum.cz\\\/index.php\\\/vyvoj-zraku-u-deti\\\/\",\"name\":\"V\u00fdvoj Zraku U D\u011bt\u00ed | O\u010dn\u00ed Centrum Vidum, Opava\",\"isPartOf\":{\"@id\":\"https:\\\/\\\/www.vidum.cz\\\/#website\"},\"datePublished\":\"2014-09-25T19:44:49+00:00\",\"dateModified\":\"2022-10-03T16:08:53+00:00\",\"description\":\"V\u00fdvoj zraku prob\u00edh\u00e1 z\u00e1rove\u0148 s v\u00fdvojem ostatn\u00edch smyslov\u00fdch org\u00e1n\u016f. U novorozenc\u016f je sluch mnohem dokonaleji vyvinut ne\u017e zrak. Zrak se vyv\u00edj\u00ed jako posledn\u00ed.\",\"breadcrumb\":{\"@id\":\"https:\\\/\\\/www.vidum.cz\\\/index.php\\\/vyvoj-zraku-u-deti\\\/#breadcrumb\"},\"inLanguage\":\"cs\",\"potentialAction\":[{\"@type\":\"ReadAction\",\"target\":[\"https:\\\/\\\/www.vidum.cz\\\/index.php\\\/vyvoj-zraku-u-deti\\\/\"]}]},{\"@type\":\"BreadcrumbList\",\"@id\":\"https:\\\/\\\/www.vidum.cz\\\/index.php\\\/vyvoj-zraku-u-deti\\\/#breadcrumb\",\"itemListElement\":[{\"@type\":\"ListItem\",\"position\":1,\"name\":\"Dom\u016f\",\"item\":\"https:\\\/\\\/www.vidum.cz\\\/\"},{\"@type\":\"ListItem\",\"position\":2,\"name\":\"V\u00fdvoj zraku u d\u011bt\u00ed\"}]},{\"@type\":\"WebSite\",\"@id\":\"https:\\\/\\\/www.vidum.cz\\\/#website\",\"url\":\"https:\\\/\\\/www.vidum.cz\\\/\",\"name\":\"Vidum\",\"description\":\"O\u010dn\u00ed centrum Vidum\",\"potentialAction\":[{\"@type\":\"SearchAction\",\"target\":{\"@type\":\"EntryPoint\",\"urlTemplate\":\"https:\\\/\\\/www.vidum.cz\\\/?s={search_term_string}\"},\"query-input\":{\"@type\":\"PropertyValueSpecification\",\"valueRequired\":true,\"valueName\":\"search_term_string\"}}],\"inLanguage\":\"cs\"}]}<\/script>\n<!-- \/ Yoast SEO plugin. -->","yoast_head_json":{"title":"V\u00fdvoj Zraku U D\u011bt\u00ed | O\u010dn\u00ed Centrum Vidum, Opava","description":"V\u00fdvoj zraku prob\u00edh\u00e1 z\u00e1rove\u0148 s v\u00fdvojem ostatn\u00edch smyslov\u00fdch org\u00e1n\u016f. U novorozenc\u016f je sluch mnohem dokonaleji vyvinut ne\u017e zrak. Zrak se vyv\u00edj\u00ed jako posledn\u00ed.","robots":{"index":"index","follow":"follow","max-snippet":"max-snippet:-1","max-image-preview":"max-image-preview:large","max-video-preview":"max-video-preview:-1"},"canonical":"https:\/\/www.vidum.cz\/index.php\/vyvoj-zraku-u-deti\/","og_locale":"cs_CZ","og_type":"article","og_title":"V\u00fdvoj Zraku U D\u011bt\u00ed | O\u010dn\u00ed Centrum Vidum, Opava","og_description":"V\u00fdvoj zraku prob\u00edh\u00e1 z\u00e1rove\u0148 s v\u00fdvojem ostatn\u00edch smyslov\u00fdch org\u00e1n\u016f. U novorozenc\u016f je sluch mnohem dokonaleji vyvinut ne\u017e zrak. Zrak se vyv\u00edj\u00ed jako posledn\u00ed.","og_url":"https:\/\/www.vidum.cz\/index.php\/vyvoj-zraku-u-deti\/","og_site_name":"Vidum","article_modified_time":"2022-10-03T16:08:53+00:00","twitter_misc":{"Odhadovan\u00e1 doba \u010dten\u00ed":"5 minut"},"schema":{"@context":"https:\/\/schema.org","@graph":[{"@type":"WebPage","@id":"https:\/\/www.vidum.cz\/index.php\/vyvoj-zraku-u-deti\/","url":"https:\/\/www.vidum.cz\/index.php\/vyvoj-zraku-u-deti\/","name":"V\u00fdvoj Zraku U D\u011bt\u00ed | O\u010dn\u00ed Centrum Vidum, Opava","isPartOf":{"@id":"https:\/\/www.vidum.cz\/#website"},"datePublished":"2014-09-25T19:44:49+00:00","dateModified":"2022-10-03T16:08:53+00:00","description":"V\u00fdvoj zraku prob\u00edh\u00e1 z\u00e1rove\u0148 s v\u00fdvojem ostatn\u00edch smyslov\u00fdch org\u00e1n\u016f. U novorozenc\u016f je sluch mnohem dokonaleji vyvinut ne\u017e zrak. Zrak se vyv\u00edj\u00ed jako posledn\u00ed.","breadcrumb":{"@id":"https:\/\/www.vidum.cz\/index.php\/vyvoj-zraku-u-deti\/#breadcrumb"},"inLanguage":"cs","potentialAction":[{"@type":"ReadAction","target":["https:\/\/www.vidum.cz\/index.php\/vyvoj-zraku-u-deti\/"]}]},{"@type":"BreadcrumbList","@id":"https:\/\/www.vidum.cz\/index.php\/vyvoj-zraku-u-deti\/#breadcrumb","itemListElement":[{"@type":"ListItem","position":1,"name":"Dom\u016f","item":"https:\/\/www.vidum.cz\/"},{"@type":"ListItem","position":2,"name":"V\u00fdvoj zraku u d\u011bt\u00ed"}]},{"@type":"WebSite","@id":"https:\/\/www.vidum.cz\/#website","url":"https:\/\/www.vidum.cz\/","name":"Vidum","description":"O\u010dn\u00ed centrum Vidum","potentialAction":[{"@type":"SearchAction","target":{"@type":"EntryPoint","urlTemplate":"https:\/\/www.vidum.cz\/?s={search_term_string}"},"query-input":{"@type":"PropertyValueSpecification","valueRequired":true,"valueName":"search_term_string"}}],"inLanguage":"cs"}]}},"_links":{"self":[{"href":"https:\/\/www.vidum.cz\/index.php\/wp-json\/wp\/v2\/pages\/279","targetHints":{"allow":["GET"]}}],"collection":[{"href":"https:\/\/www.vidum.cz\/index.php\/wp-json\/wp\/v2\/pages"}],"about":[{"href":"https:\/\/www.vidum.cz\/index.php\/wp-json\/wp\/v2\/types\/page"}],"author":[{"embeddable":true,"href":"https:\/\/www.vidum.cz\/index.php\/wp-json\/wp\/v2\/users\/1"}],"replies":[{"embeddable":true,"href":"https:\/\/www.vidum.cz\/index.php\/wp-json\/wp\/v2\/comments?post=279"}],"version-history":[{"count":10,"href":"https:\/\/www.vidum.cz\/index.php\/wp-json\/wp\/v2\/pages\/279\/revisions"}],"predecessor-version":[{"id":1291,"href":"https:\/\/www.vidum.cz\/index.php\/wp-json\/wp\/v2\/pages\/279\/revisions\/1291"}],"wp:attachment":[{"href":"https:\/\/www.vidum.cz\/index.php\/wp-json\/wp\/v2\/media?parent=279"}],"curies":[{"name":"wp","href":"https:\/\/api.w.org\/{rel}","templated":true}]}}