{"id":301,"date":"2014-09-25T20:06:53","date_gmt":"2014-09-25T20:06:53","guid":{"rendered":"\/?page_id=301"},"modified":"2019-02-19T12:30:31","modified_gmt":"2019-02-19T11:30:31","slug":"otazky-a-odpovedi","status":"publish","type":"page","link":"https:\/\/www.vidum.cz\/index.php\/otazky-a-odpovedi\/","title":{"rendered":"Ot\u00e1zky a odpov\u011bdi"},"content":{"rendered":"<div class=\"wpb-content-wrapper\"><p>[vc_row][vc_column][vc_column_text]<\/p>\n<ul>\n<li><strong>Vyhotovujete ve Va\u0161\u00ed optice multifok\u00e1ln\u00ed br\u00fdle?<\/strong><\/li>\n<\/ul>\n<p>Ano. Tento typ br\u00fdl\u00ed je nej\u010dast\u011bj\u0161\u00ed korek\u010dn\u00ed pom\u016fckou st\u0159edn\u00edho v\u011bku. Vid\u011bn\u00ed na v\u0161echny vzd\u00e1lenosti je prvo\u0159ad\u00fdm c\u00edlem p\u0159i n\u00e1vrhu \u0159e\u0161en\u00ed pro Va\u0161e o\u010di. N\u00e1\u0161 odborn\u00fd person\u00e1l V\u00e1m doporu\u010d\u00ed nejvhodn\u011bj\u0161\u00ed typ pro V\u00e1\u0161 konkr\u00e9tn\u00ed po\u017eadavek.<\/p>\n<ul dir=\"ltr\">\n<li><strong>Jsem kr\u00e1tkozrak\u00e1 6 dioptri\u00ed a tou\u017e\u00edm nosit slune\u010dn\u00ed br\u00fdle. Jak\u00e9 m\u00e1m mo\u017enosti ? <\/strong><\/li>\n<\/ul>\n<p>V dne\u0161n\u00ed dob\u011b nen\u00ed probl\u00e9m zhotovit dioptrick\u00e9 br\u00fdlov\u00e9 slune\u010dn\u00ed \u010do\u010dky v estetick\u00fdch zten\u010den\u00fdch materi\u00e1lech do v\u011bt\u0161iny kvalitn\u00edch slune\u010dn\u00edch obrub a samoz\u0159ejm\u011b do klasick\u00fdch obrub z na\u0161\u00ed nab\u00eddky.<\/p>\n<ul>\n<li><strong>M\u00e1m astigmatismus a uva\u017euji o kontaktn\u00edch \u010do\u010dk\u00e1ch.<\/strong><\/li>\n<\/ul>\n<p>Astigmatismus m\u016f\u017eeme korigovat jak br\u00fdlov\u00fdmi \u010do\u010dkami tak kontaktn\u00edmi \u010do\u010dkami. Tento produkt ji\u017e vyr\u00e1b\u00ed v\u011bt\u0161ina v\u00fdznamn\u00fdch v\u00fdrobc\u016f kontaktn\u00edch \u010do\u010dek pro r\u016fzn\u00e9\u00a0druhy\u00a0u\u017eit\u00ed .<\/p>\n<ul>\n<li><strong>Sly\u0161el jsem, \u017ee je mo\u017en\u00e9 v kontaktn\u00edch \u010do\u010dk\u00e1ch i sp\u00e1t.<\/strong><\/li>\n<\/ul>\n<p>Ano. Byl objeven materi\u00e1l na v\u00fdrobu kontaktn\u00edch \u010do\u010dek, kter\u00fd je vysoce prostupn\u00fd pro kysl\u00edk oproti d\u0159\u00edve vyr\u00e1b\u011bn\u00fdm materi\u00e1l\u016fm. V kontaktn\u00edch \u010do\u010dk\u00e1ch z tohoto materi\u00e1lu je mo\u017en\u00e9 sp\u00e1t. Vzhledem k vedlej\u0161\u00edm vliv\u016fm na oko jsou ne\u010dast\u011bj\u0161\u00ed 6-ti denn\u00ed, k dispozici jsou v\u0161ak i pro m\u011bs\u00ed\u010dn\u00ed nep\u0159etr\u017eit\u00e9 no\u0161en\u00ed\u00a0. Tyto kontaktn\u00ed \u010do\u010dky m\u016f\u017eete m\u00edt v oku maxim\u00e1ln\u011b 6 dn\u00ed a noc\u00ed (p\u0159\u00edp. 1 m\u011bs\u00edc), pot\u00e9 je nutn\u00e9 tuto kontaktn\u00ed \u010do\u010dku vyjmout z oka a vym\u011bnit za novou.<\/p>\n<ul>\n<li><strong>Jak\u00e9 jsou v\u00fdhody plastov\u00fdch skel oproti oby\u010dejn\u00fdm sklen\u011bn\u00fdm?<\/strong><\/li>\n<\/ul>\n<p>Oboj\u00ed m\u00e1 sv\u00e9 v\u00fdhody i nev\u00fdhody. V\u00fdhoda plastov\u00fdch skel spo\u010d\u00edv\u00e1 zejm\u00e9na v jejich n\u00edzk\u00e9 hmotnosti (cca 50% v\u00e1hy skla), nerozbitnosti a tedy i bezpe\u010dnosti. D\u00edky kvalitn\u00edm tvrd\u00edc\u00edm vrstv\u00e1m nejsou\u00a0tak choulostiv\u00e9 na po\u0161krab\u00e1n\u00ed, jako byly d\u0159\u00edve. V sou\u010dasn\u00e9 dob\u011b existuj\u00ed dokonce skla ze speci\u00e1ln\u00edch materi\u00e1l\u016f, u kter\u00fdch v\u00fdrobce zaru\u010duje do\u017eivotn\u00ed z\u00e1ruku na rozbit\u00ed. Celosv\u011btov\u00fd trend je \u00fastup od sklen\u011bn\u00fdch \u010do\u010dek k plastov\u00fdm.<\/p>\n<ul>\n<li><strong>Co je to antireflexn\u00ed \u00faprava a k \u010demu je dobr\u00e1?<\/strong><\/li>\n<\/ul>\n<p>Antireflexn\u00ed \u00faprava je povrchov\u00e1 \u00faprava br\u00fdlov\u00e9ho skla nebo plastu, kter\u00e1 zaru\u010duje lep\u0161\u00ed propustnost sv\u011btla. Pohled p\u0159es skla vybaven\u00e9 antireflexem je jasn\u011bj\u0161\u00ed a kontrastn\u011bj\u0161\u00ed. Antireflexn\u00ed \u00fapravu doporu\u010dujeme do v\u0161ech br\u00fdl\u00ed, na jak\u00e9koli pou\u017eit\u00ed. Nejv\u00edce ji v\u0161ak ocen\u00edte p\u0159i j\u00edzd\u011b autem nebo p\u0159i pr\u00e1ci u po\u010d\u00edta\u010de.<\/p>\n<ul>\n<li><strong>Kter\u00e9 br\u00fdle vydr\u017e\u00ed hrub\u00e9 zach\u00e1zen\u00ed?<\/strong><\/li>\n<\/ul>\n<p>\u017d\u00e1dn\u00e9. Br\u00fdle jsou, jako jin\u00e9 v\u00fdrobky, v\u00edce a m\u00e9n\u011b kvalitn\u00ed. Jejich kvalita je vyj\u00e1d\u0159ena do jist\u00e9 m\u00edry cenou. Av\u0161ak i ty nejkvalitn\u011bj\u0161\u00ed\u00a0vy\u017eaduj\u00ed\u00a0ur\u010dit\u00fd\u00a0zp\u016fsob manipulace a p\u0159i nedodr\u017een\u00ed z\u00e1sad spr\u00e1vn\u00e9ho zach\u00e1zen\u00ed, nebudou slou\u017eit spr\u00e1vn\u011b a dlouho. Ka\u017ed\u00fd z\u00e1kazn\u00edk, kter\u00fd si u n\u00e1s\u00a0br\u00fdle po\u0159izuje\u00a0,\u00a0dostane sou\u010dasn\u011b n\u00e1vod na pou\u017eit\u00ed br\u00fdl\u00ed a \u00fastn\u00ed pou\u010den\u00ed, jak s br\u00fdlemi spr\u00e1vn\u011b zach\u00e1zet a \u010deho se vyvarovat, aby br\u00fdle plnily spr\u00e1vn\u011b sv\u016fj \u00fa\u010del.<\/p>\n<ul>\n<li><strong>Jsou samozabarvovac\u00ed skla vhodn\u00e1 na \u0159\u00edzen\u00ed auta?<\/strong><\/li>\n<\/ul>\n<p>Jeliko\u017e p\u0159es\u00a0skla automobilu neproch\u00e1z\u00ed UV z\u00e1\u0159en\u00ed,\u00a0 zabarven\u00ed skel se u v\u011bt\u0161iny zabarvovac\u00edch \u010do\u010dek nem\u00e1 \u010d\u00edm aktivovat. Za optim\u00e1ln\u00edch podm\u00ednek dojde k zabarven\u00ed na 20% a u n\u011bkter\u00fdch a\u017e 50%, co\u017e v\u0161ak nemus\u00ed b\u00fdt dostate\u010dn\u00e9. Samozabarvovac\u00ed plastov\u00e1 skla jsou v\u0161ak vynikaj\u00edc\u00edm \u0159e\u0161en\u00edm tehdy, pokud nechcete nebo nem\u016f\u017eete b\u011bhem dne neust\u00e1le p\u0159ehazovat \u010dir\u00e9 a slune\u010dn\u00ed br\u00fdle (p\u0159i rekrea\u010dn\u00edm sportu, pobytu v p\u0159\u00edrod\u011b, proch\u00e1zce po m\u011bst\u011b, pr\u00e1ci na zahr\u00e1dce apod).<\/p>\n<ul>\n<li><strong>M\u016f\u017ee se no\u0161en\u00edm br\u00fdl\u00ed zrak d\u00e1le zhor\u0161ovat?<\/strong><\/li>\n<\/ul>\n<p>No\u0161en\u00edm br\u00fdl\u00ed se spr\u00e1vn\u011b zm\u011b\u0159enou a zvolenou korekc\u00ed se zrak zhor\u0161it nem\u016f\u017ee. Zm\u011bny dioptrick\u00fdch hodnot jsou d\u00e1ny geneticky, nebo fyziologicky. Ke zhor\u0161ov\u00e1n\u00ed zraku m\u016f\u017ee doj\u00edt nap\u0159.tehdy, kdy\u017e se p\u0159es br\u00fdle ur\u010den\u00e9 na \u010dten\u00ed d\u00edv\u00e1te na v\u011bt\u0161\u00ed vzd\u00e1lenosti &#8211; nap\u0159\u00edklad na televizi nebo monitor po\u010d\u00edta\u010de, kter\u00fd je um\u00edst\u011bn\u00fd d\u00e1le ne\u017e 60 cm. Na ka\u017edou vzd\u00e1lenost je pot\u0159eba m\u00edt jinou dioptrickou hodnotu skel. Ide\u00e1ln\u00edm \u0159e\u0161en\u00edm v tomto p\u0159\u00edpad\u011b jsou multifok\u00e1ln\u00ed skla.<\/p>\n<ul>\n<li><strong>M\u00e1m p\u0159edeps\u00e1ny br\u00fdle na d\u00e1lku. Je nutn\u00e9 je pou\u017e\u00edvat st\u00e1le, nebo jen p\u0159\u00edle\u017eitostn\u011b?<\/strong><\/li>\n<\/ul>\n<p>Pokud situace nevy\u017eaduje ostr\u00e9 vid\u011bn\u00ed a V\u00e1m nen\u00ed nep\u0159\u00edjemn\u00e9 vid\u011bt trochu rozmazan\u011b, br\u00fdle pou\u017e\u00edvat dle vlastn\u00edho uv\u00e1\u017een\u00ed nemus\u00edte. To v\u0161ak neplat\u00ed hlavn\u011b p\u0159i \u0159\u00edzen\u00ed auta, zejm\u00e9na za \u0161era nebo v noci !<\/p>\n<ul>\n<li><strong>Uva\u017euji o po\u0159\u00edzen\u00ed multifok\u00e1ln\u00edch br\u00fdl\u00ed a m\u00e1m z\u00e1rove\u0148 obavu, zda si na n\u011b zvyknu.<\/strong><\/li>\n<\/ul>\n<p>Multifok\u00e1ln\u00ed br\u00fdlov\u00e9 \u010do\u010dky nahrazuj\u00ed celkem troje br\u00fdle: Na d\u00e1lku, na st\u0159edn\u00ed vzd\u00e1lenost a na bl\u00edzko. Jejich spr\u00e1vn\u00e9 pou\u017e\u00edv\u00e1n\u00ed vy\u017eaduje jistou dobu z\u00e1cviku, a tato doba se m\u016f\u017ee zna\u010dn\u011b li\u0161it. B\u00fdv\u00e1 to od\u00a0n\u011bkolika hodin a\u017e po 6 t\u00fddn\u016f. Z\u00e1kladn\u00edmi p\u0159edpoklady dokonal\u00e9 funkce multifok\u00e1ln\u00edch skel jsou:<\/p>\n<ul>\n<li>spr\u00e1vn\u00e9 stanoven\u00ed dioptrick\u00fdch hodnot na d\u00e1lku a na \u010dten\u00ed<\/li>\n<li>p\u0159esn\u00e9 vym\u011b\u0159en\u00ed a centrace polohy st\u0159ed\u016f skel<\/li>\n<li>spr\u00e1vn\u00e9 posazen\u00ed a p\u0159izp\u016fsoben\u00ed br\u00fdl\u00ed na obli\u010deji<\/li>\n<li>po\u0159\u00edzen\u00ed kvalitn\u00edch skel se \u0161irok\u00fdm koridorem od osv\u011bd\u010den\u00fdch v\u00fdrobc\u016f<\/li>\n<\/ul>\n<p>Pokud jsou tyto p\u0159edpoklady spln\u011bny, bude se V\u00e1m na nov\u00e9 multifok\u00e1ln\u00ed br\u00fdle zvykat dob\u0159e a rychle. S v\u00fdb\u011brem vhodn\u00e9ho typu multifok\u00e1ln\u00edho skla V\u00e1m r\u00e1di pom\u016f\u017eeme.<\/p>\n<ul>\n<li><strong>Jak\u00e9 jsou nejlep\u0161\u00ed slune\u010dn\u00ed br\u00fdle pro \u0159idi\u010de?<\/strong><\/li>\n<\/ul>\n<p>Velmi kvalitn\u00ed zobrazen\u00ed nab\u00edzej\u00ed polariza\u010dn\u00ed skla. Jsou vyrobena tak, aby se V\u00e1m neleskla vodorovn\u00e1 plocha (silnice, kapota, pal.deska auta). Nav\u00edc nezkresluj\u00ed sign\u00e1ln\u00ed barvy semaforu a sou\u010dasn\u011b zv\u00fdraz\u0148uj\u00ed kontrasty. Pro \u0159idi\u010de s o\u010dn\u00ed vadou na d\u00e1lku nab\u00edz\u00edme zhotoven\u00ed dioptrick\u00fdch br\u00fdl\u00ed s polariza\u010dn\u00edmi skly. V sou\u010dasn\u00e9 dob\u011b nab\u00edz\u00edme jako nejlep\u0161\u00ed slune\u010dn\u00ed br\u00fdle pro \u0159idi\u010de zna\u010dku Serengeti.<\/p>\n<ul>\n<li><strong>Jak\u00fd je postup p\u0159i po\u0159\u00edzen\u00ed kontaktn\u00edch\u00a0\u010do\u010dek?<\/strong><\/li>\n<\/ul>\n<p>Pokud jste se rozhodli po\u0159\u00eddit si kontaktn\u00ed \u010do\u010dky, je pot\u0159eba n\u00e1s nav\u0161t\u00edvit\u00a0a domluvit si term\u00edn aplikace. Term\u00edn lze samoz\u0159ejm\u011b domluvit i telefonicky. Tato prvn\u00ed aplikace trv\u00e1 v pr\u016fm\u011bru hodinu a p\u016fl a\u00a0skl\u00e1d\u00e1 se ze vstupn\u00edho vy\u0161et\u0159en\u00ed, kter\u00e9 zahrnuje d\u016fkladnou prohl\u00eddku p\u0159edn\u00edho segmentu oka, zm\u011b\u0159en\u00ed hodnot zak\u0159iven\u00ed a pr\u016fm\u011bru rohovky a stanoven\u00ed spr\u00e1vn\u00fdch dioptrick\u00fdch hodnot pro korekci zrakov\u00e9 vady. N\u00e1sleduje v\u00fdb\u011br vhodn\u00e9 kontaktn\u00ed \u010do\u010dky a jej\u00ed aplikace. Z\u00e1jemce o kontaktn\u00ed \u010do\u010dky je pe\u010dliv\u011b zacvi\u010den a d\u016fkladn\u011b pou\u010den o zp\u016fsobech aplikace a pou\u017e\u00edv\u00e1n\u00ed dan\u00e9 kontaktn\u00ed \u010do\u010dky.<\/p>\n<ul>\n<li><strong>Kolik vlastn\u011b stoj\u00ed kontaktn\u00ed \u010do\u010dky?<\/strong><\/li>\n<\/ul>\n<p>Z\u00e1le\u017e\u00ed na tom, jak\u00fdm zp\u016fsobem hodl\u00e1te kontaktn\u00ed \u010do\u010dky pou\u017e\u00edvat. Zda jako ka\u017edodenn\u00ed n\u00e1hradu br\u00fdl\u00ed, nebo jako p\u0159\u00edle\u017eitostn\u00fd dopln\u011bk. Nejroz\u0161\u00ed\u0159en\u011bj\u0161\u00ed typ kontaktn\u00edch \u010do\u010dek &#8211; m\u011bs\u00ed\u010dn\u00ed (30 pou\u017eit\u00ed)- stoj\u00ed p\u0159i ka\u017edodenn\u00edm pou\u017e\u00edv\u00e1n\u00ed cca 2.000,- K\u010d na p\u016fl roku. K cen\u011b je nutno p\u0159i\u010d\u00edst i n\u00e1klady na desinfek\u010dn\u00ed roztok. Pro ob\u010dasn\u00e9 no\u0161en\u00ed nap\u0159\u00edklad na sport cca 2x t\u00fddn\u011b je cenov\u011b v\u00fdhodn\u011bj\u0161\u00ed po\u0159\u00eddit si denn\u00ed \u010do\u010dky.<\/p>\n<ul>\n<li><strong>Pracuji cel\u00fd den u po\u010d\u00edta\u010de, mohu pou\u017e\u00edvat kontaktn\u00ed \u010do\u010dky?<\/strong><\/li>\n<\/ul>\n<p>Pr\u00e1ce na po\u010d\u00edta\u010di nen\u00ed kontraindikac\u00ed pro kontaktn\u00ed \u010do\u010dky. Je v\u0161ak nutn\u00e9 po\u010d\u00edtat s rizikem &#8222;such\u00e9ho oka&#8220;, kter\u00e9 vznik\u00e1 ni\u017e\u0161\u00ed frekvenc\u00ed mrk\u00e1n\u00ed, p\u0159i soust\u0159ed\u011bn\u00e9m pohledu do monitoru. Je to obdobn\u00e9 jako p\u0159i sledov\u00e1n\u00ed TV. Pokud by V\u00e1s p\u0159i pr\u00e1ci s PC za\u010daly p\u00e1lit o\u010di, pou\u017eijte o\u010dn\u00ed zvlh\u010dovac\u00ed kapky vhodn\u00e9 pro kontaktn\u00ed \u010do\u010dky. Efekt such\u00e9ho oka m\u016f\u017ee b\u00fdt tak\u00e9 umocn\u011bn pobytem v klimatizovan\u00e9m prost\u0159ed\u00ed.<\/p>\n<ul>\n<li><strong>V \u0159idi\u010dsk\u00e9m pr\u016fkazu m\u00e1m pozn\u00e1mku &#8222;br\u00fdle nutn\u00e9&#8220;. Jak prok\u00e1\u017eu kontaktn\u00ed \u010do\u010dky v p\u0159\u00edpad\u011b kontroly polici\u00ed?<\/strong><\/li>\n<\/ul>\n<p>P\u0159i aplikaci kontaktn\u00edch \u010do\u010dek od n\u00e1s dostanete karti\u010dku, kter\u00e1 prokazuje, \u017ee pou\u017e\u00edv\u00e1te kontaktn\u00ed \u010do\u010dky.<\/p>\n<ul>\n<li><strong>Sm\u00edm p\u0159i no\u0161en\u00ed kontaktn\u00edch \u010do\u010dek pou\u017e\u00edvat make-up?<\/strong><\/li>\n<\/ul>\n<p>Nejprve si nasa\u010fte kontaktn\u00ed \u010do\u010dky, pot\u00e9 nan\u00e1\u0161ejte make-up. P\u0159i odli\u010dov\u00e1n\u00ed nejd\u0159\u00edve \u010do\u010dky vyjm\u011bte a potom odli\u010dujte. Dbejte zv\u00fd\u0161en\u00e9 pe\u010dlivosti p\u0159i \u010di\u0161t\u011bn\u00ed \u010do\u010dek p\u0159ed ulo\u017een\u00edm do pouzdra.<\/p>\n<ul>\n<li><strong>Jak je to s no\u0161en\u00edm kontaktn\u00edch \u010do\u010dek, kdy\u017e jsem alergik?<\/strong><\/li>\n<\/ul>\n<p>M\u016f\u017eete pou\u017e\u00edvat kontaktn\u00ed \u010do\u010dky. V dob\u011b, kdy u v\u00e1s doch\u00e1z\u00ed k alergick\u00e9 reakci (doba kv\u011btu ur\u010dit\u00fdch rostlin), je nutn\u00e9 po\u010d\u00edtat se zv\u00fd\u0161enou citlivost\u00ed oka na p\u0159\u00edtomnost kontaktn\u00ed \u010do\u010dky.<\/p>\n<ul>\n<li><strong>Lze pou\u017e\u00edt kontaktn\u00ed \u010do\u010dky na plav\u00e1n\u00ed nebo pot\u00e1p\u011bn\u00ed v mo\u0159i?<\/strong><\/li>\n<\/ul>\n<p>Kontaktn\u00ed \u010do\u010dky by nem\u011bly p\u0159ij\u00edt do styku s p\u0159\u00edrodn\u00ed vodou. Je zde riziko zanesen\u00ed kontaktn\u00ed \u010do\u010dky bakteriemi, nebo prvoky, ve vod\u011b se vyskytuj\u00edc\u00edmi. V p\u0159\u00edpad\u011b nutnosti pou\u017eit\u00ed kontaktn\u00edch \u010do\u010dek na plav\u00e1n\u00ed a pot\u00e1p\u011bn\u00ed pou\u017eijte ochrann\u00e9 plaveck\u00e9 br\u00fdle nebo pot\u00e1p\u011b\u010dskou masku. S kontaktn\u00edmi \u010do\u010dkami nelze otev\u00edrat o\u010di pod vodou, hroz\u00ed odplaven\u00ed \u010do\u010dky z povrchu oka. Do vody pou\u017e\u00edvejte v\u017edy v\u00fdhradn\u011b jednodenn\u00ed kontaktn\u00ed \u010do\u010dky, kter\u00e9 co nejd\u0159\u00edve po ukon\u010den\u00ed plav\u00e1n\u00ed z oka vyjm\u011bte!<\/p>\n<ul>\n<li><strong>Kter\u00e9 kontaktn\u00ed \u010do\u010dky jsou nejlep\u0161\u00ed?<\/strong><\/li>\n<\/ul>\n<p>Nelze jednozna\u010dn\u011b \u0159\u00edci, kter\u00e9 jsou obecn\u011b nejlep\u0161\u00ed. Ka\u017ed\u00e9mu nositeli mohou vyhovovat jin\u00e9. Volba spr\u00e1vn\u00fdch kontaktn\u00edch \u010do\u010dek se proto prov\u00e1d\u00ed a\u017e po zji\u0161t\u011bn\u00ed parametr\u016f Va\u0161\u00ed rohovky a konzultaci, jak\u00fdm zp\u016fsobem a v jak\u00e9m prost\u0159ed\u00ed budou \u010do\u010dky pou\u017e\u00edv\u00e1ny.<\/p>\n<ul>\n<li><strong>Ke konci dne m\u011b za\u010d\u00edn\u00e1 kontaktn\u00ed \u010do\u010dka v oku dr\u00e1\u017edit. \u010c\u00edm je to zp\u016fsobeno a co lze proti tomu d\u011blat?<\/strong><\/li>\n<\/ul>\n<p>M\u011bkk\u00e9 kontaktn\u00ed \u010do\u010dky obsahuj\u00ed ur\u010dit\u00e9 procento vody. Vlivem prost\u0159ed\u00ed, \u010di slo\u017een\u00ed slz \u010d\u00e1st vodn\u00e9 slo\u017eky b\u011bhem no\u0161en\u00ed ztr\u00e1c\u00ed, co\u017e se projev\u00ed nep\u0159\u00edjemn\u00fdm pocitem such\u00e9ho oka. Tento nep\u0159\u00edjemn\u00fd pocit snadno odstran\u00edte pou\u017eit\u00edm zvlh\u010duj\u00edc\u00edch kapek p\u0159\u00edmo do oka s kontaktn\u00ed \u010do\u010dkou.[\/vc_column_text][\/vc_column][\/vc_row]<\/p>\n<\/div>","protected":false},"excerpt":{"rendered":"<p>[vc_row][vc_column][vc_column_text] Vyhotovujete ve Va\u0161\u00ed optice multifok\u00e1ln\u00ed br\u00fdle? Ano. Tento typ br\u00fdl\u00ed je nej\u010dast\u011bj\u0161\u00ed korek\u010dn\u00ed pom\u016fckou st\u0159edn\u00edho v\u011bku. Vid\u011bn\u00ed na v\u0161echny vzd\u00e1lenosti je prvo\u0159ad\u00fdm c\u00edlem p\u0159i n\u00e1vrhu \u0159e\u0161en\u00ed pro Va\u0161e o\u010di. N\u00e1\u0161 odborn\u00fd person\u00e1l V\u00e1m doporu\u010d\u00ed nejvhodn\u011bj\u0161\u00ed typ pro V\u00e1\u0161 konkr\u00e9tn\u00ed po\u017eadavek. Jsem kr\u00e1tkozrak\u00e1 6 dioptri\u00ed a tou\u017e\u00edm nosit slune\u010dn\u00ed br\u00fdle. Jak\u00e9 m\u00e1m mo\u017enosti ? V [&hellip;]<\/p>\n","protected":false},"author":1,"featured_media":0,"parent":0,"menu_order":0,"comment_status":"open","ping_status":"open","template":"","meta":{"_monsterinsights_skip_tracking":false,"_monsterinsights_sitenote_active":false,"_monsterinsights_sitenote_note":"","_monsterinsights_sitenote_category":0,"footnotes":""},"class_list":["post-301","page","type-page","status-publish","hentry"],"yoast_head":"<!-- This site is optimized with the Yoast SEO plugin v27.3 - https:\/\/yoast.com\/product\/yoast-seo-wordpress\/ -->\n<title>Nej\u010dast\u011bj\u0161\u00ed Ot\u00e1zky A Odpov\u011bdi | O\u010dn\u00ed Centrum Vidum, Opava<\/title>\n<meta name=\"description\" content=\"P\u0159e\u010dt\u011bte si odpov\u011bdi na nej\u010dast\u011bj\u0161\u00ed ot\u00e1zky. O\u010dn\u00ed Centrum Vidum, Opava - Ofici\u00e1ln\u00ed str\u00e1nka.\" \/>\n<meta name=\"robots\" content=\"index, follow, max-snippet:-1, max-image-preview:large, max-video-preview:-1\" \/>\n<link rel=\"canonical\" href=\"https:\/\/www.vidum.cz\/index.php\/otazky-a-odpovedi\/\" \/>\n<meta property=\"og:locale\" content=\"cs_CZ\" \/>\n<meta property=\"og:type\" content=\"article\" \/>\n<meta property=\"og:title\" content=\"Nej\u010dast\u011bj\u0161\u00ed Ot\u00e1zky A Odpov\u011bdi | O\u010dn\u00ed Centrum Vidum, Opava\" \/>\n<meta property=\"og:description\" content=\"P\u0159e\u010dt\u011bte si odpov\u011bdi na nej\u010dast\u011bj\u0161\u00ed ot\u00e1zky. O\u010dn\u00ed Centrum Vidum, Opava - Ofici\u00e1ln\u00ed str\u00e1nka.\" \/>\n<meta property=\"og:url\" content=\"https:\/\/www.vidum.cz\/index.php\/otazky-a-odpovedi\/\" \/>\n<meta property=\"og:site_name\" content=\"Vidum\" \/>\n<meta property=\"article:modified_time\" content=\"2019-02-19T11:30:31+00:00\" \/>\n<meta name=\"twitter:label1\" content=\"Odhadovan\u00e1 doba \u010dten\u00ed\" \/>\n\t<meta name=\"twitter:data1\" content=\"10 minut\" \/>\n<script type=\"application\/ld+json\" class=\"yoast-schema-graph\">{\"@context\":\"https:\\\/\\\/schema.org\",\"@graph\":[{\"@type\":\"WebPage\",\"@id\":\"https:\\\/\\\/www.vidum.cz\\\/index.php\\\/otazky-a-odpovedi\\\/\",\"url\":\"https:\\\/\\\/www.vidum.cz\\\/index.php\\\/otazky-a-odpovedi\\\/\",\"name\":\"Nej\u010dast\u011bj\u0161\u00ed Ot\u00e1zky A Odpov\u011bdi | O\u010dn\u00ed Centrum Vidum, Opava\",\"isPartOf\":{\"@id\":\"https:\\\/\\\/www.vidum.cz\\\/#website\"},\"datePublished\":\"2014-09-25T20:06:53+00:00\",\"dateModified\":\"2019-02-19T11:30:31+00:00\",\"description\":\"P\u0159e\u010dt\u011bte si odpov\u011bdi na nej\u010dast\u011bj\u0161\u00ed ot\u00e1zky. O\u010dn\u00ed Centrum Vidum, Opava - Ofici\u00e1ln\u00ed str\u00e1nka.\",\"breadcrumb\":{\"@id\":\"https:\\\/\\\/www.vidum.cz\\\/index.php\\\/otazky-a-odpovedi\\\/#breadcrumb\"},\"inLanguage\":\"cs\",\"potentialAction\":[{\"@type\":\"ReadAction\",\"target\":[\"https:\\\/\\\/www.vidum.cz\\\/index.php\\\/otazky-a-odpovedi\\\/\"]}]},{\"@type\":\"BreadcrumbList\",\"@id\":\"https:\\\/\\\/www.vidum.cz\\\/index.php\\\/otazky-a-odpovedi\\\/#breadcrumb\",\"itemListElement\":[{\"@type\":\"ListItem\",\"position\":1,\"name\":\"Dom\u016f\",\"item\":\"https:\\\/\\\/www.vidum.cz\\\/\"},{\"@type\":\"ListItem\",\"position\":2,\"name\":\"Ot\u00e1zky a odpov\u011bdi\"}]},{\"@type\":\"WebSite\",\"@id\":\"https:\\\/\\\/www.vidum.cz\\\/#website\",\"url\":\"https:\\\/\\\/www.vidum.cz\\\/\",\"name\":\"Vidum\",\"description\":\"O\u010dn\u00ed centrum Vidum\",\"potentialAction\":[{\"@type\":\"SearchAction\",\"target\":{\"@type\":\"EntryPoint\",\"urlTemplate\":\"https:\\\/\\\/www.vidum.cz\\\/?s={search_term_string}\"},\"query-input\":{\"@type\":\"PropertyValueSpecification\",\"valueRequired\":true,\"valueName\":\"search_term_string\"}}],\"inLanguage\":\"cs\"}]}<\/script>\n<!-- \/ Yoast SEO plugin. -->","yoast_head_json":{"title":"Nej\u010dast\u011bj\u0161\u00ed Ot\u00e1zky A Odpov\u011bdi | O\u010dn\u00ed Centrum Vidum, Opava","description":"P\u0159e\u010dt\u011bte si odpov\u011bdi na nej\u010dast\u011bj\u0161\u00ed ot\u00e1zky. O\u010dn\u00ed Centrum Vidum, Opava - Ofici\u00e1ln\u00ed str\u00e1nka.","robots":{"index":"index","follow":"follow","max-snippet":"max-snippet:-1","max-image-preview":"max-image-preview:large","max-video-preview":"max-video-preview:-1"},"canonical":"https:\/\/www.vidum.cz\/index.php\/otazky-a-odpovedi\/","og_locale":"cs_CZ","og_type":"article","og_title":"Nej\u010dast\u011bj\u0161\u00ed Ot\u00e1zky A Odpov\u011bdi | O\u010dn\u00ed Centrum Vidum, Opava","og_description":"P\u0159e\u010dt\u011bte si odpov\u011bdi na nej\u010dast\u011bj\u0161\u00ed ot\u00e1zky. O\u010dn\u00ed Centrum Vidum, Opava - Ofici\u00e1ln\u00ed str\u00e1nka.","og_url":"https:\/\/www.vidum.cz\/index.php\/otazky-a-odpovedi\/","og_site_name":"Vidum","article_modified_time":"2019-02-19T11:30:31+00:00","twitter_misc":{"Odhadovan\u00e1 doba \u010dten\u00ed":"10 minut"},"schema":{"@context":"https:\/\/schema.org","@graph":[{"@type":"WebPage","@id":"https:\/\/www.vidum.cz\/index.php\/otazky-a-odpovedi\/","url":"https:\/\/www.vidum.cz\/index.php\/otazky-a-odpovedi\/","name":"Nej\u010dast\u011bj\u0161\u00ed Ot\u00e1zky A Odpov\u011bdi | O\u010dn\u00ed Centrum Vidum, Opava","isPartOf":{"@id":"https:\/\/www.vidum.cz\/#website"},"datePublished":"2014-09-25T20:06:53+00:00","dateModified":"2019-02-19T11:30:31+00:00","description":"P\u0159e\u010dt\u011bte si odpov\u011bdi na nej\u010dast\u011bj\u0161\u00ed ot\u00e1zky. O\u010dn\u00ed Centrum Vidum, Opava - Ofici\u00e1ln\u00ed str\u00e1nka.","breadcrumb":{"@id":"https:\/\/www.vidum.cz\/index.php\/otazky-a-odpovedi\/#breadcrumb"},"inLanguage":"cs","potentialAction":[{"@type":"ReadAction","target":["https:\/\/www.vidum.cz\/index.php\/otazky-a-odpovedi\/"]}]},{"@type":"BreadcrumbList","@id":"https:\/\/www.vidum.cz\/index.php\/otazky-a-odpovedi\/#breadcrumb","itemListElement":[{"@type":"ListItem","position":1,"name":"Dom\u016f","item":"https:\/\/www.vidum.cz\/"},{"@type":"ListItem","position":2,"name":"Ot\u00e1zky a odpov\u011bdi"}]},{"@type":"WebSite","@id":"https:\/\/www.vidum.cz\/#website","url":"https:\/\/www.vidum.cz\/","name":"Vidum","description":"O\u010dn\u00ed centrum Vidum","potentialAction":[{"@type":"SearchAction","target":{"@type":"EntryPoint","urlTemplate":"https:\/\/www.vidum.cz\/?s={search_term_string}"},"query-input":{"@type":"PropertyValueSpecification","valueRequired":true,"valueName":"search_term_string"}}],"inLanguage":"cs"}]}},"_links":{"self":[{"href":"https:\/\/www.vidum.cz\/index.php\/wp-json\/wp\/v2\/pages\/301","targetHints":{"allow":["GET"]}}],"collection":[{"href":"https:\/\/www.vidum.cz\/index.php\/wp-json\/wp\/v2\/pages"}],"about":[{"href":"https:\/\/www.vidum.cz\/index.php\/wp-json\/wp\/v2\/types\/page"}],"author":[{"embeddable":true,"href":"https:\/\/www.vidum.cz\/index.php\/wp-json\/wp\/v2\/users\/1"}],"replies":[{"embeddable":true,"href":"https:\/\/www.vidum.cz\/index.php\/wp-json\/wp\/v2\/comments?post=301"}],"version-history":[{"count":10,"href":"https:\/\/www.vidum.cz\/index.php\/wp-json\/wp\/v2\/pages\/301\/revisions"}],"predecessor-version":[{"id":1074,"href":"https:\/\/www.vidum.cz\/index.php\/wp-json\/wp\/v2\/pages\/301\/revisions\/1074"}],"wp:attachment":[{"href":"https:\/\/www.vidum.cz\/index.php\/wp-json\/wp\/v2\/media?parent=301"}],"curies":[{"name":"wp","href":"https:\/\/api.w.org\/{rel}","templated":true}]}}